{"id":2804,"date":"2022-08-18T13:45:00","date_gmt":"2022-08-18T11:45:00","guid":{"rendered":"https:\/\/freundeskreis-amici-bruchsal-heidelsheim-volterra.eu\/?page_id=2804"},"modified":"2025-07-18T14:00:43","modified_gmt":"2025-07-18T12:00:43","slug":"bruchsal","status":"publish","type":"page","link":"https:\/\/freundeskreis-amici-bruchsal-heidelsheim-volterra.eu\/it\/bruchsal\/","title":{"rendered":"Bruchsal"},"content":{"rendered":"\n<div class=\"wp-block-envira-envira-gallery\"><div id=\"envira-gallery-wrap-606\" class=\"envira-gallery-wrap envira-lazy-loading-enabled envira-layout-automatic\" itemscope itemtype=\"https:\/\/schema.org\/ImageGallery\"><div class=\"envira-loader\"><div><\/div><div><\/div><div><\/div><div><\/div><\/div><div id=\"envira-gallery-606\" class=\"envira-gallery-public envira-gallery-0-columns envira-clear envira-gallery-justified-public\" data-envira-id=\"606\" data-gallery-config='{\"type\":\"default\",\"layout\":\"automatic\",\"columns\":\"0\",\"gallery_theme\":\"base\",\"justified_margins\":1,\"justified_last_row\":\"nojustify\",\"lazy_loading\":1,\"lazy_loading_delay\":500,\"gutter\":1,\"margin\":1,\"image_size\":\"default\",\"square_size\":300,\"crop_width\":640,\"crop_height\":480,\"crop\":0,\"crop_position\":\"c\",\"additional_copy_0\":0,\"additional_copy_title\":0,\"additional_copy_caption\":0,\"additional_copy_title_caption\":0,\"additional_copy_0_mobile\":0,\"additional_copy_title_mobile\":0,\"additional_copy_caption_mobile\":0,\"additional_copy_title_caption_mobile\":0,\"gallery_column_title_caption\":\"0\",\"gallery_column_title_caption_mobile\":\"0\",\"additional_copy_automatic_0\":0,\"additional_copy_automatic_title\":0,\"additional_copy_automatic_caption\":0,\"additional_copy_automatic_title_caption\":0,\"additional_copy_automatic_0_mobile\":0,\"additional_copy_automatic_title_mobile\":0,\"additional_copy_automatic_caption_mobile\":0,\"additional_copy_automatic_title_caption_mobile\":0,\"gallery_automatic_title_caption\":\"0\",\"gallery_automatic_title_caption_mobile\":\"0\",\"justified_row_height\":150,\"description_position\":\"0\",\"description\":\"\",\"random\":\"0\",\"sort_order\":\"0\",\"sorting_direction\":\"ASC\",\"image_sizes_random\":[],\"isotope\":0,\"lightbox_enabled\":1,\"gallery_link_enabled\":1,\"lightbox_theme\":\"base_dark\",\"lightbox_image_size\":\"default\",\"title_display\":\"float\",\"lightbox_title_caption\":\"caption\",\"arrows\":1,\"arrows_position\":\"inside\",\"toolbar\":0,\"toolbar_title\":0,\"toolbar_position\":\"top\",\"loop\":1,\"lightbox_open_close_effect\":\"fade\",\"effect\":\"fade\",\"supersize\":0,\"thumbnails_toggle\":0,\"thumbnails_hide\":0,\"image_counter\":0,\"thumbnails\":1,\"thumbnails_width\":\"auto\",\"thumbnails_height\":\"auto\",\"thumbnails_position\":\"bottom\",\"thumbnails_custom_size\":0,\"mobile\":1,\"mobile_width\":320,\"mobile_height\":240,\"mobile_lightbox\":1,\"mobile_gallery_link_enabled\":0,\"mobile_arrows\":1,\"mobile_toolbar\":1,\"mobile_thumbnails\":1,\"mobile_touchwipe_close\":0,\"mobile_thumbnails_width\":75,\"mobile_thumbnails_height\":50,\"mobile_justified_row_height\":80,\"keyboard\":true,\"standalone_template\":\"\",\"classes\":[\"\"],\"rtl\":0,\"slug\":\"bruchsal\",\"protection\":1,\"protection_popup\":0,\"protection_message\":\"\",\"protection_title\":\"\",\"protection_button_text\":\"\",\"title\":\"\",\"gallery_id\":\"606\"}' data-gallery-images='[{\"status\":\"active\",\"src\":\"https:\\\/\\\/freundeskreis-amici-bruchsal-heidelsheim-volterra.eu\\\/wp-content\\\/uploads\\\/2022\\\/08\\\/20170506Rathaus_Kirche-Oefner1353.jpg\",\"title\":\"20170506Rathaus_Kirche-&Ouml;fner1353\",\"link\":\"https:\\\/\\\/freundeskreis-amici-bruchsal-heidelsheim-volterra.eu\\\/wp-content\\\/uploads\\\/2022\\\/08\\\/20170506Rathaus_Kirche-Oefner1353.jpg\",\"alt\":\"Rathaus\",\"caption\":\"Rathaus\",\"thumb\":\"https:\\\/\\\/freundeskreis-amici-bruchsal-heidelsheim-volterra.eu\\\/wp-content\\\/uploads\\\/2022\\\/08\\\/20170506Rathaus_Kirche-Oefner1353-75x50_c.jpg\",\"meta\":{\"aperture\":null,\"credit\":null,\"camera\":null,\"caption\":\"\",\"created_timestamp\":null,\"copyright\":null,\"focal_length\":null,\"iso\":null,\"shutter_speed\":null,\"title\":\"\",\"orientation\":null,\"keywords\":null,\"resized_images\":null},\"thumbnail\":\"https:\\\/\\\/freundeskreis-amici-bruchsal-heidelsheim-volterra.eu\\\/wp-content\\\/uploads\\\/2022\\\/08\\\/20170506Rathaus_Kirche-Oefner1353-150x150.jpg\",\"medium\":\"https:\\\/\\\/freundeskreis-amici-bruchsal-heidelsheim-volterra.eu\\\/wp-content\\\/uploads\\\/2022\\\/08\\\/20170506Rathaus_Kirche-Oefner1353-300x200.jpg\",\"medium_large\":\"https:\\\/\\\/freundeskreis-amici-bruchsal-heidelsheim-volterra.eu\\\/wp-content\\\/uploads\\\/2022\\\/08\\\/20170506Rathaus_Kirche-Oefner1353-768x512.jpg\",\"large\":\"https:\\\/\\\/freundeskreis-amici-bruchsal-heidelsheim-volterra.eu\\\/wp-content\\\/uploads\\\/2022\\\/08\\\/20170506Rathaus_Kirche-Oefner1353-1024x683.jpg\",\"thumblist\":\"https:\\\/\\\/freundeskreis-amici-bruchsal-heidelsheim-volterra.eu\\\/wp-content\\\/uploads\\\/2022\\\/08\\\/20170506Rathaus_Kirche-Oefner1353-300x300.jpg\",\"thumbrelated\":\"https:\\\/\\\/freundeskreis-amici-bruchsal-heidelsheim-volterra.eu\\\/wp-content\\\/uploads\\\/2022\\\/08\\\/20170506Rathaus_Kirche-Oefner1353.jpg\",\"meccarouselthumb\":\"https:\\\/\\\/freundeskreis-amici-bruchsal-heidelsheim-volterra.eu\\\/wp-content\\\/uploads\\\/2022\\\/08\\\/20170506Rathaus_Kirche-Oefner1353-474x324.jpg\",\"gridsquare\":\"https:\\\/\\\/freundeskreis-amici-bruchsal-heidelsheim-volterra.eu\\\/wp-content\\\/uploads\\\/2022\\\/08\\\/20170506Rathaus_Kirche-Oefner1353-391x260.jpg\",\"tileview\":\"https:\\\/\\\/freundeskreis-amici-bruchsal-heidelsheim-volterra.eu\\\/wp-content\\\/uploads\\\/2022\\\/08\\\/20170506Rathaus_Kirche-Oefner1353-300x400.jpg\",\"1536x1536\":\"https:\\\/\\\/freundeskreis-amici-bruchsal-heidelsheim-volterra.eu\\\/wp-content\\\/uploads\\\/2022\\\/08\\\/20170506Rathaus_Kirche-Oefner1353.jpg\",\"2048x2048\":\"https:\\\/\\\/freundeskreis-amici-bruchsal-heidelsheim-volterra.eu\\\/wp-content\\\/uploads\\\/2022\\\/08\\\/20170506Rathaus_Kirche-Oefner1353.jpg\",\"full\":\"https:\\\/\\\/freundeskreis-amici-bruchsal-heidelsheim-volterra.eu\\\/wp-content\\\/uploads\\\/2022\\\/08\\\/20170506Rathaus_Kirche-Oefner1353.jpg\",\"index\":0,\"id\":607,\"video\":false,\"opts\":{\"caption\":\"Rathaus\",\"thumb\":\"https:\\\/\\\/freundeskreis-amici-bruchsal-heidelsheim-volterra.eu\\\/wp-content\\\/uploads\\\/2022\\\/08\\\/20170506Rathaus_Kirche-Oefner1353-75x50_c.jpg\",\"title\":\"20170506Rathaus_Kirche-&Ouml;fner1353\"},\"gallery_id\":\"606\"},{\"status\":\"active\",\"src\":\"https:\\\/\\\/freundeskreis-amici-bruchsal-heidelsheim-volterra.eu\\\/wp-content\\\/uploads\\\/2022\\\/08\\\/20190428GOe_Schloss_BR001GOe_SVADSC08903-Bearbeitet.jpg\",\"title\":\"20190428G&Ouml;_Schloss_BR001G&Ouml;_SVADSC08903-Bearbeitet\",\"link\":\"https:\\\/\\\/freundeskreis-amici-bruchsal-heidelsheim-volterra.eu\\\/wp-content\\\/uploads\\\/2022\\\/08\\\/20190428GOe_Schloss_BR001GOe_SVADSC08903-Bearbeitet.jpg\",\"alt\":\"Schloss\",\"caption\":\"Schloss\",\"thumb\":\"https:\\\/\\\/freundeskreis-amici-bruchsal-heidelsheim-volterra.eu\\\/wp-content\\\/uploads\\\/2022\\\/08\\\/20190428GOe_Schloss_BR001GOe_SVADSC08903-Bearbeitet-75x50_c.jpg\",\"meta\":{\"aperture\":null,\"credit\":null,\"camera\":null,\"caption\":\"\",\"created_timestamp\":null,\"copyright\":null,\"focal_length\":null,\"iso\":null,\"shutter_speed\":null,\"title\":\"\",\"orientation\":null,\"keywords\":null,\"resized_images\":null},\"thumbnail\":\"https:\\\/\\\/freundeskreis-amici-bruchsal-heidelsheim-volterra.eu\\\/wp-content\\\/uploads\\\/2022\\\/08\\\/20190428GOe_Schloss_BR001GOe_SVADSC08903-Bearbeitet-150x150.jpg\",\"medium\":\"https:\\\/\\\/freundeskreis-amici-bruchsal-heidelsheim-volterra.eu\\\/wp-content\\\/uploads\\\/2022\\\/08\\\/20190428GOe_Schloss_BR001GOe_SVADSC08903-Bearbeitet-300x200.jpg\",\"medium_large\":\"https:\\\/\\\/freundeskreis-amici-bruchsal-heidelsheim-volterra.eu\\\/wp-content\\\/uploads\\\/2022\\\/08\\\/20190428GOe_Schloss_BR001GOe_SVADSC08903-Bearbeitet-768x512.jpg\",\"large\":\"https:\\\/\\\/freundeskreis-amici-bruchsal-heidelsheim-volterra.eu\\\/wp-content\\\/uploads\\\/2022\\\/08\\\/20190428GOe_Schloss_BR001GOe_SVADSC08903-Bearbeitet-1024x683.jpg\",\"thumblist\":\"https:\\\/\\\/freundeskreis-amici-bruchsal-heidelsheim-volterra.eu\\\/wp-content\\\/uploads\\\/2022\\\/08\\\/20190428GOe_Schloss_BR001GOe_SVADSC08903-Bearbeitet-300x300.jpg\",\"thumbrelated\":\"https:\\\/\\\/freundeskreis-amici-bruchsal-heidelsheim-volterra.eu\\\/wp-content\\\/uploads\\\/2022\\\/08\\\/20190428GOe_Schloss_BR001GOe_SVADSC08903-Bearbeitet.jpg\",\"meccarouselthumb\":\"https:\\\/\\\/freundeskreis-amici-bruchsal-heidelsheim-volterra.eu\\\/wp-content\\\/uploads\\\/2022\\\/08\\\/20190428GOe_Schloss_BR001GOe_SVADSC08903-Bearbeitet-474x324.jpg\",\"gridsquare\":\"https:\\\/\\\/freundeskreis-amici-bruchsal-heidelsheim-volterra.eu\\\/wp-content\\\/uploads\\\/2022\\\/08\\\/20190428GOe_Schloss_BR001GOe_SVADSC08903-Bearbeitet-391x260.jpg\",\"tileview\":\"https:\\\/\\\/freundeskreis-amici-bruchsal-heidelsheim-volterra.eu\\\/wp-content\\\/uploads\\\/2022\\\/08\\\/20190428GOe_Schloss_BR001GOe_SVADSC08903-Bearbeitet-300x400.jpg\",\"1536x1536\":\"https:\\\/\\\/freundeskreis-amici-bruchsal-heidelsheim-volterra.eu\\\/wp-content\\\/uploads\\\/2022\\\/08\\\/20190428GOe_Schloss_BR001GOe_SVADSC08903-Bearbeitet.jpg\",\"2048x2048\":\"https:\\\/\\\/freundeskreis-amici-bruchsal-heidelsheim-volterra.eu\\\/wp-content\\\/uploads\\\/2022\\\/08\\\/20190428GOe_Schloss_BR001GOe_SVADSC08903-Bearbeitet.jpg\",\"full\":\"https:\\\/\\\/freundeskreis-amici-bruchsal-heidelsheim-volterra.eu\\\/wp-content\\\/uploads\\\/2022\\\/08\\\/20190428GOe_Schloss_BR001GOe_SVADSC08903-Bearbeitet.jpg\",\"index\":1,\"id\":609,\"video\":false,\"opts\":{\"caption\":\"Schloss\",\"thumb\":\"https:\\\/\\\/freundeskreis-amici-bruchsal-heidelsheim-volterra.eu\\\/wp-content\\\/uploads\\\/2022\\\/08\\\/20190428GOe_Schloss_BR001GOe_SVADSC08903-Bearbeitet-75x50_c.jpg\",\"title\":\"20190428G&Ouml;_Schloss_BR001G&Ouml;_SVADSC08903-Bearbeitet\"},\"gallery_id\":\"606\"},{\"status\":\"active\",\"src\":\"https:\\\/\\\/freundeskreis-amici-bruchsal-heidelsheim-volterra.eu\\\/wp-content\\\/uploads\\\/2022\\\/08\\\/GOe_Belveder-0145.jpg\",\"title\":\"G&Ouml;_Belveder-0145\",\"link\":\"https:\\\/\\\/freundeskreis-amici-bruchsal-heidelsheim-volterra.eu\\\/wp-content\\\/uploads\\\/2022\\\/08\\\/GOe_Belveder-0145.jpg\",\"alt\":\"Belvedere\",\"caption\":\"Belvedere\",\"thumb\":\"https:\\\/\\\/freundeskreis-amici-bruchsal-heidelsheim-volterra.eu\\\/wp-content\\\/uploads\\\/2022\\\/08\\\/GOe_Belveder-0145-75x50_c.jpg\",\"meta\":{\"aperture\":null,\"credit\":null,\"camera\":null,\"caption\":\"\",\"created_timestamp\":null,\"copyright\":null,\"focal_length\":null,\"iso\":null,\"shutter_speed\":null,\"title\":\"\",\"orientation\":null,\"keywords\":null,\"resized_images\":null},\"thumbnail\":\"https:\\\/\\\/freundeskreis-amici-bruchsal-heidelsheim-volterra.eu\\\/wp-content\\\/uploads\\\/2022\\\/08\\\/GOe_Belveder-0145-150x150.jpg\",\"medium\":\"https:\\\/\\\/freundeskreis-amici-bruchsal-heidelsheim-volterra.eu\\\/wp-content\\\/uploads\\\/2022\\\/08\\\/GOe_Belveder-0145-300x200.jpg\",\"medium_large\":\"https:\\\/\\\/freundeskreis-amici-bruchsal-heidelsheim-volterra.eu\\\/wp-content\\\/uploads\\\/2022\\\/08\\\/GOe_Belveder-0145-768x512.jpg\",\"large\":\"https:\\\/\\\/freundeskreis-amici-bruchsal-heidelsheim-volterra.eu\\\/wp-content\\\/uploads\\\/2022\\\/08\\\/GOe_Belveder-0145-1024x682.jpg\",\"thumblist\":\"https:\\\/\\\/freundeskreis-amici-bruchsal-heidelsheim-volterra.eu\\\/wp-content\\\/uploads\\\/2022\\\/08\\\/GOe_Belveder-0145-300x300.jpg\",\"thumbrelated\":\"https:\\\/\\\/freundeskreis-amici-bruchsal-heidelsheim-volterra.eu\\\/wp-content\\\/uploads\\\/2022\\\/08\\\/GOe_Belveder-0145.jpg\",\"meccarouselthumb\":\"https:\\\/\\\/freundeskreis-amici-bruchsal-heidelsheim-volterra.eu\\\/wp-content\\\/uploads\\\/2022\\\/08\\\/GOe_Belveder-0145-474x324.jpg\",\"gridsquare\":\"https:\\\/\\\/freundeskreis-amici-bruchsal-heidelsheim-volterra.eu\\\/wp-content\\\/uploads\\\/2022\\\/08\\\/GOe_Belveder-0145-391x260.jpg\",\"tileview\":\"https:\\\/\\\/freundeskreis-amici-bruchsal-heidelsheim-volterra.eu\\\/wp-content\\\/uploads\\\/2022\\\/08\\\/GOe_Belveder-0145-300x400.jpg\",\"1536x1536\":\"https:\\\/\\\/freundeskreis-amici-bruchsal-heidelsheim-volterra.eu\\\/wp-content\\\/uploads\\\/2022\\\/08\\\/GOe_Belveder-0145.jpg\",\"2048x2048\":\"https:\\\/\\\/freundeskreis-amici-bruchsal-heidelsheim-volterra.eu\\\/wp-content\\\/uploads\\\/2022\\\/08\\\/GOe_Belveder-0145.jpg\",\"full\":\"https:\\\/\\\/freundeskreis-amici-bruchsal-heidelsheim-volterra.eu\\\/wp-content\\\/uploads\\\/2022\\\/08\\\/GOe_Belveder-0145.jpg\",\"index\":2,\"id\":611,\"video\":false,\"opts\":{\"caption\":\"Belvedere\",\"thumb\":\"https:\\\/\\\/freundeskreis-amici-bruchsal-heidelsheim-volterra.eu\\\/wp-content\\\/uploads\\\/2022\\\/08\\\/GOe_Belveder-0145-75x50_c.jpg\",\"title\":\"G&Ouml;_Belveder-0145\"},\"gallery_id\":\"606\"},{\"status\":\"active\",\"src\":\"https:\\\/\\\/freundeskreis-amici-bruchsal-heidelsheim-volterra.eu\\\/wp-content\\\/uploads\\\/2022\\\/08\\\/GOe_Buergerpark-0383.jpg\",\"title\":\"G&Ouml;_B&uuml;rgerpark-0383\",\"link\":\"https:\\\/\\\/freundeskreis-amici-bruchsal-heidelsheim-volterra.eu\\\/wp-content\\\/uploads\\\/2022\\\/08\\\/GOe_Buergerpark-0383.jpg\",\"alt\":\"B&uuml;rgerpark, Skulptur St&auml;dtefreundschaft\",\"caption\":\"B&uuml;rgerpark, Skulptur St&auml;dtefreundschaft\",\"thumb\":\"https:\\\/\\\/freundeskreis-amici-bruchsal-heidelsheim-volterra.eu\\\/wp-content\\\/uploads\\\/2022\\\/08\\\/GOe_Buergerpark-0383-75x50_c.jpg\",\"meta\":{\"aperture\":null,\"credit\":null,\"camera\":null,\"caption\":\"\",\"created_timestamp\":null,\"copyright\":null,\"focal_length\":null,\"iso\":null,\"shutter_speed\":null,\"title\":\"\",\"orientation\":null,\"keywords\":null,\"resized_images\":null},\"thumbnail\":\"https:\\\/\\\/freundeskreis-amici-bruchsal-heidelsheim-volterra.eu\\\/wp-content\\\/uploads\\\/2022\\\/08\\\/GOe_Buergerpark-0383-150x150.jpg\",\"medium\":\"https:\\\/\\\/freundeskreis-amici-bruchsal-heidelsheim-volterra.eu\\\/wp-content\\\/uploads\\\/2022\\\/08\\\/GOe_Buergerpark-0383-300x200.jpg\",\"medium_large\":\"https:\\\/\\\/freundeskreis-amici-bruchsal-heidelsheim-volterra.eu\\\/wp-content\\\/uploads\\\/2022\\\/08\\\/GOe_Buergerpark-0383-768x512.jpg\",\"large\":\"https:\\\/\\\/freundeskreis-amici-bruchsal-heidelsheim-volterra.eu\\\/wp-content\\\/uploads\\\/2022\\\/08\\\/GOe_Buergerpark-0383-1024x683.jpg\",\"thumblist\":\"https:\\\/\\\/freundeskreis-amici-bruchsal-heidelsheim-volterra.eu\\\/wp-content\\\/uploads\\\/2022\\\/08\\\/GOe_Buergerpark-0383-300x300.jpg\",\"thumbrelated\":\"https:\\\/\\\/freundeskreis-amici-bruchsal-heidelsheim-volterra.eu\\\/wp-content\\\/uploads\\\/2022\\\/08\\\/GOe_Buergerpark-0383.jpg\",\"meccarouselthumb\":\"https:\\\/\\\/freundeskreis-amici-bruchsal-heidelsheim-volterra.eu\\\/wp-content\\\/uploads\\\/2022\\\/08\\\/GOe_Buergerpark-0383-474x324.jpg\",\"gridsquare\":\"https:\\\/\\\/freundeskreis-amici-bruchsal-heidelsheim-volterra.eu\\\/wp-content\\\/uploads\\\/2022\\\/08\\\/GOe_Buergerpark-0383-391x260.jpg\",\"tileview\":\"https:\\\/\\\/freundeskreis-amici-bruchsal-heidelsheim-volterra.eu\\\/wp-content\\\/uploads\\\/2022\\\/08\\\/GOe_Buergerpark-0383-300x400.jpg\",\"1536x1536\":\"https:\\\/\\\/freundeskreis-amici-bruchsal-heidelsheim-volterra.eu\\\/wp-content\\\/uploads\\\/2022\\\/08\\\/GOe_Buergerpark-0383.jpg\",\"2048x2048\":\"https:\\\/\\\/freundeskreis-amici-bruchsal-heidelsheim-volterra.eu\\\/wp-content\\\/uploads\\\/2022\\\/08\\\/GOe_Buergerpark-0383.jpg\",\"full\":\"https:\\\/\\\/freundeskreis-amici-bruchsal-heidelsheim-volterra.eu\\\/wp-content\\\/uploads\\\/2022\\\/08\\\/GOe_Buergerpark-0383.jpg\",\"index\":3,\"id\":613,\"video\":false,\"opts\":{\"caption\":\"B&uuml;rgerpark, Skulptur St&auml;dtefreundschaft\",\"thumb\":\"https:\\\/\\\/freundeskreis-amici-bruchsal-heidelsheim-volterra.eu\\\/wp-content\\\/uploads\\\/2022\\\/08\\\/GOe_Buergerpark-0383-75x50_c.jpg\",\"title\":\"G&Ouml;_B&uuml;rgerpark-0383\"},\"gallery_id\":\"606\"},{\"status\":\"active\",\"src\":\"https:\\\/\\\/freundeskreis-amici-bruchsal-heidelsheim-volterra.eu\\\/wp-content\\\/uploads\\\/2022\\\/08\\\/GOe_Buergerpark-0389.jpg\",\"title\":\"G&Ouml;_B&uuml;rgerpark-0389\",\"link\":\"https:\\\/\\\/freundeskreis-amici-bruchsal-heidelsheim-volterra.eu\\\/wp-content\\\/uploads\\\/2022\\\/08\\\/GOe_Buergerpark-0389.jpg\",\"alt\":\"Bergfried\",\"caption\":\"Bergfried\",\"thumb\":\"https:\\\/\\\/freundeskreis-amici-bruchsal-heidelsheim-volterra.eu\\\/wp-content\\\/uploads\\\/2022\\\/08\\\/GOe_Buergerpark-0389-75x50_c.jpg\",\"meta\":{\"aperture\":null,\"credit\":null,\"camera\":null,\"caption\":\"\",\"created_timestamp\":null,\"copyright\":null,\"focal_length\":null,\"iso\":null,\"shutter_speed\":null,\"title\":\"\",\"orientation\":null,\"keywords\":null,\"resized_images\":null},\"thumbnail\":\"https:\\\/\\\/freundeskreis-amici-bruchsal-heidelsheim-volterra.eu\\\/wp-content\\\/uploads\\\/2022\\\/08\\\/GOe_Buergerpark-0389-150x150.jpg\",\"medium\":\"https:\\\/\\\/freundeskreis-amici-bruchsal-heidelsheim-volterra.eu\\\/wp-content\\\/uploads\\\/2022\\\/08\\\/GOe_Buergerpark-0389-300x200.jpg\",\"medium_large\":\"https:\\\/\\\/freundeskreis-amici-bruchsal-heidelsheim-volterra.eu\\\/wp-content\\\/uploads\\\/2022\\\/08\\\/GOe_Buergerpark-0389-768x512.jpg\",\"large\":\"https:\\\/\\\/freundeskreis-amici-bruchsal-heidelsheim-volterra.eu\\\/wp-content\\\/uploads\\\/2022\\\/08\\\/GOe_Buergerpark-0389-1024x683.jpg\",\"thumblist\":\"https:\\\/\\\/freundeskreis-amici-bruchsal-heidelsheim-volterra.eu\\\/wp-content\\\/uploads\\\/2022\\\/08\\\/GOe_Buergerpark-0389-300x300.jpg\",\"thumbrelated\":\"https:\\\/\\\/freundeskreis-amici-bruchsal-heidelsheim-volterra.eu\\\/wp-content\\\/uploads\\\/2022\\\/08\\\/GOe_Buergerpark-0389.jpg\",\"meccarouselthumb\":\"https:\\\/\\\/freundeskreis-amici-bruchsal-heidelsheim-volterra.eu\\\/wp-content\\\/uploads\\\/2022\\\/08\\\/GOe_Buergerpark-0389-474x324.jpg\",\"gridsquare\":\"https:\\\/\\\/freundeskreis-amici-bruchsal-heidelsheim-volterra.eu\\\/wp-content\\\/uploads\\\/2022\\\/08\\\/GOe_Buergerpark-0389-391x260.jpg\",\"tileview\":\"https:\\\/\\\/freundeskreis-amici-bruchsal-heidelsheim-volterra.eu\\\/wp-content\\\/uploads\\\/2022\\\/08\\\/GOe_Buergerpark-0389-300x400.jpg\",\"1536x1536\":\"https:\\\/\\\/freundeskreis-amici-bruchsal-heidelsheim-volterra.eu\\\/wp-content\\\/uploads\\\/2022\\\/08\\\/GOe_Buergerpark-0389.jpg\",\"2048x2048\":\"https:\\\/\\\/freundeskreis-amici-bruchsal-heidelsheim-volterra.eu\\\/wp-content\\\/uploads\\\/2022\\\/08\\\/GOe_Buergerpark-0389.jpg\",\"full\":\"https:\\\/\\\/freundeskreis-amici-bruchsal-heidelsheim-volterra.eu\\\/wp-content\\\/uploads\\\/2022\\\/08\\\/GOe_Buergerpark-0389.jpg\",\"index\":4,\"id\":615,\"video\":false,\"opts\":{\"caption\":\"Bergfried\",\"thumb\":\"https:\\\/\\\/freundeskreis-amici-bruchsal-heidelsheim-volterra.eu\\\/wp-content\\\/uploads\\\/2022\\\/08\\\/GOe_Buergerpark-0389-75x50_c.jpg\",\"title\":\"G&Ouml;_B&uuml;rgerpark-0389\"},\"gallery_id\":\"606\"},{\"status\":\"active\",\"src\":\"https:\\\/\\\/freundeskreis-amici-bruchsal-heidelsheim-volterra.eu\\\/wp-content\\\/uploads\\\/2022\\\/08\\\/GOe_Neue-Feuerwehr-1532.jpg\",\"title\":\"G&Ouml;_Neue-Feuerwehr-1532\",\"link\":\"https:\\\/\\\/freundeskreis-amici-bruchsal-heidelsheim-volterra.eu\\\/wp-content\\\/uploads\\\/2022\\\/08\\\/GOe_Neue-Feuerwehr-1532.jpg\",\"alt\":\"Feuerwehrschule\",\"caption\":\"Nouveaux pompiers\",\"thumb\":\"https:\\\/\\\/freundeskreis-amici-bruchsal-heidelsheim-volterra.eu\\\/wp-content\\\/uploads\\\/2022\\\/08\\\/GOe_Neue-Feuerwehr-1532-75x50_c.jpg\",\"meta\":{\"aperture\":null,\"credit\":null,\"camera\":null,\"caption\":\"\",\"created_timestamp\":null,\"copyright\":null,\"focal_length\":null,\"iso\":null,\"shutter_speed\":null,\"title\":\"\",\"orientation\":null,\"keywords\":null,\"resized_images\":null},\"thumbnail\":\"https:\\\/\\\/freundeskreis-amici-bruchsal-heidelsheim-volterra.eu\\\/wp-content\\\/uploads\\\/2022\\\/08\\\/GOe_Neue-Feuerwehr-1532-150x150.jpg\",\"medium\":\"https:\\\/\\\/freundeskreis-amici-bruchsal-heidelsheim-volterra.eu\\\/wp-content\\\/uploads\\\/2022\\\/08\\\/GOe_Neue-Feuerwehr-1532-300x169.jpg\",\"medium_large\":\"https:\\\/\\\/freundeskreis-amici-bruchsal-heidelsheim-volterra.eu\\\/wp-content\\\/uploads\\\/2022\\\/08\\\/GOe_Neue-Feuerwehr-1532-768x432.jpg\",\"large\":\"https:\\\/\\\/freundeskreis-amici-bruchsal-heidelsheim-volterra.eu\\\/wp-content\\\/uploads\\\/2022\\\/08\\\/GOe_Neue-Feuerwehr-1532-1024x576.jpg\",\"thumblist\":\"https:\\\/\\\/freundeskreis-amici-bruchsal-heidelsheim-volterra.eu\\\/wp-content\\\/uploads\\\/2022\\\/08\\\/GOe_Neue-Feuerwehr-1532-300x300.jpg\",\"thumbrelated\":\"https:\\\/\\\/freundeskreis-amici-bruchsal-heidelsheim-volterra.eu\\\/wp-content\\\/uploads\\\/2022\\\/08\\\/GOe_Neue-Feuerwehr-1532.jpg\",\"meccarouselthumb\":\"https:\\\/\\\/freundeskreis-amici-bruchsal-heidelsheim-volterra.eu\\\/wp-content\\\/uploads\\\/2022\\\/08\\\/GOe_Neue-Feuerwehr-1532-474x324.jpg\",\"gridsquare\":\"https:\\\/\\\/freundeskreis-amici-bruchsal-heidelsheim-volterra.eu\\\/wp-content\\\/uploads\\\/2022\\\/08\\\/GOe_Neue-Feuerwehr-1532-391x260.jpg\",\"tileview\":\"https:\\\/\\\/freundeskreis-amici-bruchsal-heidelsheim-volterra.eu\\\/wp-content\\\/uploads\\\/2022\\\/08\\\/GOe_Neue-Feuerwehr-1532-300x400.jpg\",\"1536x1536\":\"https:\\\/\\\/freundeskreis-amici-bruchsal-heidelsheim-volterra.eu\\\/wp-content\\\/uploads\\\/2022\\\/08\\\/GOe_Neue-Feuerwehr-1532.jpg\",\"2048x2048\":\"https:\\\/\\\/freundeskreis-amici-bruchsal-heidelsheim-volterra.eu\\\/wp-content\\\/uploads\\\/2022\\\/08\\\/GOe_Neue-Feuerwehr-1532.jpg\",\"full\":\"https:\\\/\\\/freundeskreis-amici-bruchsal-heidelsheim-volterra.eu\\\/wp-content\\\/uploads\\\/2022\\\/08\\\/GOe_Neue-Feuerwehr-1532.jpg\",\"index\":5,\"id\":621,\"video\":false,\"opts\":{\"caption\":\"Nouveaux pompiers\",\"thumb\":\"https:\\\/\\\/freundeskreis-amici-bruchsal-heidelsheim-volterra.eu\\\/wp-content\\\/uploads\\\/2022\\\/08\\\/GOe_Neue-Feuerwehr-1532-75x50_c.jpg\",\"title\":\"G&Ouml;_Neue-Feuerwehr-1532\"},\"gallery_id\":\"606\"},{\"status\":\"active\",\"src\":\"https:\\\/\\\/freundeskreis-amici-bruchsal-heidelsheim-volterra.eu\\\/wp-content\\\/uploads\\\/2022\\\/08\\\/GOe_Peterskirche-Bruchsal-0511.jpg\",\"title\":\"G&Ouml;_Peterskirche-Bruchsal-0511\",\"link\":\"https:\\\/\\\/freundeskreis-amici-bruchsal-heidelsheim-volterra.eu\\\/wp-content\\\/uploads\\\/2022\\\/08\\\/GOe_Peterskirche-Bruchsal-0511.jpg\",\"alt\":\"Kirche St. Peter\",\"caption\":\"Kirche St. Peter\",\"thumb\":\"https:\\\/\\\/freundeskreis-amici-bruchsal-heidelsheim-volterra.eu\\\/wp-content\\\/uploads\\\/2022\\\/08\\\/GOe_Peterskirche-Bruchsal-0511-75x50_c.jpg\",\"meta\":{\"aperture\":null,\"credit\":null,\"camera\":null,\"caption\":\"\",\"created_timestamp\":null,\"copyright\":null,\"focal_length\":null,\"iso\":null,\"shutter_speed\":null,\"title\":\"\",\"orientation\":null,\"keywords\":null,\"resized_images\":null},\"thumbnail\":\"https:\\\/\\\/freundeskreis-amici-bruchsal-heidelsheim-volterra.eu\\\/wp-content\\\/uploads\\\/2022\\\/08\\\/GOe_Peterskirche-Bruchsal-0511-150x150.jpg\",\"medium\":\"https:\\\/\\\/freundeskreis-amici-bruchsal-heidelsheim-volterra.eu\\\/wp-content\\\/uploads\\\/2022\\\/08\\\/GOe_Peterskirche-Bruchsal-0511-300x200.jpg\",\"medium_large\":\"https:\\\/\\\/freundeskreis-amici-bruchsal-heidelsheim-volterra.eu\\\/wp-content\\\/uploads\\\/2022\\\/08\\\/GOe_Peterskirche-Bruchsal-0511-768x512.jpg\",\"large\":\"https:\\\/\\\/freundeskreis-amici-bruchsal-heidelsheim-volterra.eu\\\/wp-content\\\/uploads\\\/2022\\\/08\\\/GOe_Peterskirche-Bruchsal-0511-1024x683.jpg\",\"thumblist\":\"https:\\\/\\\/freundeskreis-amici-bruchsal-heidelsheim-volterra.eu\\\/wp-content\\\/uploads\\\/2022\\\/08\\\/GOe_Peterskirche-Bruchsal-0511-300x300.jpg\",\"thumbrelated\":\"https:\\\/\\\/freundeskreis-amici-bruchsal-heidelsheim-volterra.eu\\\/wp-content\\\/uploads\\\/2022\\\/08\\\/GOe_Peterskirche-Bruchsal-0511.jpg\",\"meccarouselthumb\":\"https:\\\/\\\/freundeskreis-amici-bruchsal-heidelsheim-volterra.eu\\\/wp-content\\\/uploads\\\/2022\\\/08\\\/GOe_Peterskirche-Bruchsal-0511-474x324.jpg\",\"gridsquare\":\"https:\\\/\\\/freundeskreis-amici-bruchsal-heidelsheim-volterra.eu\\\/wp-content\\\/uploads\\\/2022\\\/08\\\/GOe_Peterskirche-Bruchsal-0511-391x260.jpg\",\"tileview\":\"https:\\\/\\\/freundeskreis-amici-bruchsal-heidelsheim-volterra.eu\\\/wp-content\\\/uploads\\\/2022\\\/08\\\/GOe_Peterskirche-Bruchsal-0511-300x400.jpg\",\"1536x1536\":\"https:\\\/\\\/freundeskreis-amici-bruchsal-heidelsheim-volterra.eu\\\/wp-content\\\/uploads\\\/2022\\\/08\\\/GOe_Peterskirche-Bruchsal-0511.jpg\",\"2048x2048\":\"https:\\\/\\\/freundeskreis-amici-bruchsal-heidelsheim-volterra.eu\\\/wp-content\\\/uploads\\\/2022\\\/08\\\/GOe_Peterskirche-Bruchsal-0511.jpg\",\"full\":\"https:\\\/\\\/freundeskreis-amici-bruchsal-heidelsheim-volterra.eu\\\/wp-content\\\/uploads\\\/2022\\\/08\\\/GOe_Peterskirche-Bruchsal-0511.jpg\",\"index\":6,\"id\":623,\"video\":false,\"opts\":{\"caption\":\"Kirche St. Peter\",\"thumb\":\"https:\\\/\\\/freundeskreis-amici-bruchsal-heidelsheim-volterra.eu\\\/wp-content\\\/uploads\\\/2022\\\/08\\\/GOe_Peterskirche-Bruchsal-0511-75x50_c.jpg\",\"title\":\"G&Ouml;_Peterskirche-Bruchsal-0511\"},\"gallery_id\":\"606\"},{\"status\":\"active\",\"src\":\"https:\\\/\\\/freundeskreis-amici-bruchsal-heidelsheim-volterra.eu\\\/wp-content\\\/uploads\\\/2022\\\/08\\\/GOe_Saalbachbruecke-.jpg\",\"title\":\"G&Ouml;_Saalbachbr&uuml;cke-\",\"link\":\"https:\\\/\\\/freundeskreis-amici-bruchsal-heidelsheim-volterra.eu\\\/wp-content\\\/uploads\\\/2022\\\/08\\\/GOe_Saalbachbruecke-.jpg\",\"alt\":\"Saalbach-Br&uuml;cke\",\"caption\":\"Saalbach-Br&uuml;cke\",\"thumb\":\"https:\\\/\\\/freundeskreis-amici-bruchsal-heidelsheim-volterra.eu\\\/wp-content\\\/uploads\\\/2022\\\/08\\\/GOe_Saalbachbruecke--75x50_c.jpg\",\"meta\":{\"aperture\":null,\"credit\":null,\"camera\":null,\"caption\":\"\",\"created_timestamp\":null,\"copyright\":null,\"focal_length\":null,\"iso\":null,\"shutter_speed\":null,\"title\":\"\",\"orientation\":null,\"keywords\":null,\"resized_images\":null},\"thumbnail\":\"https:\\\/\\\/freundeskreis-amici-bruchsal-heidelsheim-volterra.eu\\\/wp-content\\\/uploads\\\/2022\\\/08\\\/GOe_Saalbachbruecke--150x150.jpg\",\"medium\":\"https:\\\/\\\/freundeskreis-amici-bruchsal-heidelsheim-volterra.eu\\\/wp-content\\\/uploads\\\/2022\\\/08\\\/GOe_Saalbachbruecke--300x169.jpg\",\"medium_large\":\"https:\\\/\\\/freundeskreis-amici-bruchsal-heidelsheim-volterra.eu\\\/wp-content\\\/uploads\\\/2022\\\/08\\\/GOe_Saalbachbruecke--768x434.jpg\",\"large\":\"https:\\\/\\\/freundeskreis-amici-bruchsal-heidelsheim-volterra.eu\\\/wp-content\\\/uploads\\\/2022\\\/08\\\/GOe_Saalbachbruecke--1024x578.jpg\",\"thumblist\":\"https:\\\/\\\/freundeskreis-amici-bruchsal-heidelsheim-volterra.eu\\\/wp-content\\\/uploads\\\/2022\\\/08\\\/GOe_Saalbachbruecke--300x300.jpg\",\"thumbrelated\":\"https:\\\/\\\/freundeskreis-amici-bruchsal-heidelsheim-volterra.eu\\\/wp-content\\\/uploads\\\/2022\\\/08\\\/GOe_Saalbachbruecke-.jpg\",\"meccarouselthumb\":\"https:\\\/\\\/freundeskreis-amici-bruchsal-heidelsheim-volterra.eu\\\/wp-content\\\/uploads\\\/2022\\\/08\\\/GOe_Saalbachbruecke--474x324.jpg\",\"gridsquare\":\"https:\\\/\\\/freundeskreis-amici-bruchsal-heidelsheim-volterra.eu\\\/wp-content\\\/uploads\\\/2022\\\/08\\\/GOe_Saalbachbruecke--391x260.jpg\",\"tileview\":\"https:\\\/\\\/freundeskreis-amici-bruchsal-heidelsheim-volterra.eu\\\/wp-content\\\/uploads\\\/2022\\\/08\\\/GOe_Saalbachbruecke--300x400.jpg\",\"1536x1536\":\"https:\\\/\\\/freundeskreis-amici-bruchsal-heidelsheim-volterra.eu\\\/wp-content\\\/uploads\\\/2022\\\/08\\\/GOe_Saalbachbruecke--1536x867.jpg\",\"2048x2048\":\"https:\\\/\\\/freundeskreis-amici-bruchsal-heidelsheim-volterra.eu\\\/wp-content\\\/uploads\\\/2022\\\/08\\\/GOe_Saalbachbruecke-.jpg\",\"full\":\"https:\\\/\\\/freundeskreis-amici-bruchsal-heidelsheim-volterra.eu\\\/wp-content\\\/uploads\\\/2022\\\/08\\\/GOe_Saalbachbruecke-.jpg\",\"index\":7,\"id\":625,\"video\":false,\"opts\":{\"caption\":\"Saalbach-Br&uuml;cke\",\"thumb\":\"https:\\\/\\\/freundeskreis-amici-bruchsal-heidelsheim-volterra.eu\\\/wp-content\\\/uploads\\\/2022\\\/08\\\/GOe_Saalbachbruecke--75x50_c.jpg\",\"title\":\"G&Ouml;_Saalbachbr&uuml;cke-\"},\"gallery_id\":\"606\"},{\"status\":\"active\",\"src\":\"https:\\\/\\\/freundeskreis-amici-bruchsal-heidelsheim-volterra.eu\\\/wp-content\\\/uploads\\\/2022\\\/08\\\/GOe_Wo_markt-BR-03386.jpg\",\"title\":\"G&Ouml;_Wo_markt-BR-03386\",\"link\":\"https:\\\/\\\/freundeskreis-amici-bruchsal-heidelsheim-volterra.eu\\\/wp-content\\\/uploads\\\/2022\\\/08\\\/GOe_Wo_markt-BR-03386.jpg\",\"alt\":\"Wochenmarkt\",\"caption\":\"Wochenmarkt\",\"thumb\":\"https:\\\/\\\/freundeskreis-amici-bruchsal-heidelsheim-volterra.eu\\\/wp-content\\\/uploads\\\/2022\\\/08\\\/GOe_Wo_markt-BR-03386-75x50_c.jpg\",\"meta\":{\"aperture\":null,\"credit\":null,\"camera\":null,\"caption\":\"\",\"created_timestamp\":null,\"copyright\":null,\"focal_length\":null,\"iso\":null,\"shutter_speed\":null,\"title\":\"\",\"orientation\":null,\"keywords\":null,\"resized_images\":null},\"thumbnail\":\"https:\\\/\\\/freundeskreis-amici-bruchsal-heidelsheim-volterra.eu\\\/wp-content\\\/uploads\\\/2022\\\/08\\\/GOe_Wo_markt-BR-03386-150x150.jpg\",\"medium\":\"https:\\\/\\\/freundeskreis-amici-bruchsal-heidelsheim-volterra.eu\\\/wp-content\\\/uploads\\\/2022\\\/08\\\/GOe_Wo_markt-BR-03386-300x200.jpg\",\"medium_large\":\"https:\\\/\\\/freundeskreis-amici-bruchsal-heidelsheim-volterra.eu\\\/wp-content\\\/uploads\\\/2022\\\/08\\\/GOe_Wo_markt-BR-03386-768x512.jpg\",\"large\":\"https:\\\/\\\/freundeskreis-amici-bruchsal-heidelsheim-volterra.eu\\\/wp-content\\\/uploads\\\/2022\\\/08\\\/GOe_Wo_markt-BR-03386-1024x683.jpg\",\"thumblist\":\"https:\\\/\\\/freundeskreis-amici-bruchsal-heidelsheim-volterra.eu\\\/wp-content\\\/uploads\\\/2022\\\/08\\\/GOe_Wo_markt-BR-03386-300x300.jpg\",\"thumbrelated\":\"https:\\\/\\\/freundeskreis-amici-bruchsal-heidelsheim-volterra.eu\\\/wp-content\\\/uploads\\\/2022\\\/08\\\/GOe_Wo_markt-BR-03386.jpg\",\"meccarouselthumb\":\"https:\\\/\\\/freundeskreis-amici-bruchsal-heidelsheim-volterra.eu\\\/wp-content\\\/uploads\\\/2022\\\/08\\\/GOe_Wo_markt-BR-03386-474x324.jpg\",\"gridsquare\":\"https:\\\/\\\/freundeskreis-amici-bruchsal-heidelsheim-volterra.eu\\\/wp-content\\\/uploads\\\/2022\\\/08\\\/GOe_Wo_markt-BR-03386-391x260.jpg\",\"tileview\":\"https:\\\/\\\/freundeskreis-amici-bruchsal-heidelsheim-volterra.eu\\\/wp-content\\\/uploads\\\/2022\\\/08\\\/GOe_Wo_markt-BR-03386-300x400.jpg\",\"1536x1536\":\"https:\\\/\\\/freundeskreis-amici-bruchsal-heidelsheim-volterra.eu\\\/wp-content\\\/uploads\\\/2022\\\/08\\\/GOe_Wo_markt-BR-03386.jpg\",\"2048x2048\":\"https:\\\/\\\/freundeskreis-amici-bruchsal-heidelsheim-volterra.eu\\\/wp-content\\\/uploads\\\/2022\\\/08\\\/GOe_Wo_markt-BR-03386.jpg\",\"full\":\"https:\\\/\\\/freundeskreis-amici-bruchsal-heidelsheim-volterra.eu\\\/wp-content\\\/uploads\\\/2022\\\/08\\\/GOe_Wo_markt-BR-03386.jpg\",\"index\":8,\"id\":627,\"video\":false,\"opts\":{\"caption\":\"Wochenmarkt\",\"thumb\":\"https:\\\/\\\/freundeskreis-amici-bruchsal-heidelsheim-volterra.eu\\\/wp-content\\\/uploads\\\/2022\\\/08\\\/GOe_Wo_markt-BR-03386-75x50_c.jpg\",\"title\":\"G&Ouml;_Wo_markt-BR-03386\"},\"gallery_id\":\"606\"},{\"status\":\"active\",\"src\":\"https:\\\/\\\/freundeskreis-amici-bruchsal-heidelsheim-volterra.eu\\\/wp-content\\\/uploads\\\/2022\\\/08\\\/GOe_Wo_markt-BR-03398.jpg\",\"title\":\"G&Ouml;_Wo_markt-BR-03398\",\"link\":\"https:\\\/\\\/freundeskreis-amici-bruchsal-heidelsheim-volterra.eu\\\/wp-content\\\/uploads\\\/2022\\\/08\\\/GOe_Wo_markt-BR-03398.jpg\",\"alt\":\"Marktplatz\",\"caption\":\"Marktplatz\",\"thumb\":\"https:\\\/\\\/freundeskreis-amici-bruchsal-heidelsheim-volterra.eu\\\/wp-content\\\/uploads\\\/2022\\\/08\\\/GOe_Wo_markt-BR-03398-75x50_c.jpg\",\"meta\":{\"aperture\":null,\"credit\":null,\"camera\":null,\"caption\":\"\",\"created_timestamp\":null,\"copyright\":null,\"focal_length\":null,\"iso\":null,\"shutter_speed\":null,\"title\":\"\",\"orientation\":null,\"keywords\":null,\"resized_images\":null},\"thumbnail\":\"https:\\\/\\\/freundeskreis-amici-bruchsal-heidelsheim-volterra.eu\\\/wp-content\\\/uploads\\\/2022\\\/08\\\/GOe_Wo_markt-BR-03398-150x150.jpg\",\"medium\":\"https:\\\/\\\/freundeskreis-amici-bruchsal-heidelsheim-volterra.eu\\\/wp-content\\\/uploads\\\/2022\\\/08\\\/GOe_Wo_markt-BR-03398-300x200.jpg\",\"medium_large\":\"https:\\\/\\\/freundeskreis-amici-bruchsal-heidelsheim-volterra.eu\\\/wp-content\\\/uploads\\\/2022\\\/08\\\/GOe_Wo_markt-BR-03398-768x512.jpg\",\"large\":\"https:\\\/\\\/freundeskreis-amici-bruchsal-heidelsheim-volterra.eu\\\/wp-content\\\/uploads\\\/2022\\\/08\\\/GOe_Wo_markt-BR-03398-1024x682.jpg\",\"thumblist\":\"https:\\\/\\\/freundeskreis-amici-bruchsal-heidelsheim-volterra.eu\\\/wp-content\\\/uploads\\\/2022\\\/08\\\/GOe_Wo_markt-BR-03398-300x300.jpg\",\"thumbrelated\":\"https:\\\/\\\/freundeskreis-amici-bruchsal-heidelsheim-volterra.eu\\\/wp-content\\\/uploads\\\/2022\\\/08\\\/GOe_Wo_markt-BR-03398.jpg\",\"meccarouselthumb\":\"https:\\\/\\\/freundeskreis-amici-bruchsal-heidelsheim-volterra.eu\\\/wp-content\\\/uploads\\\/2022\\\/08\\\/GOe_Wo_markt-BR-03398-474x324.jpg\",\"gridsquare\":\"https:\\\/\\\/freundeskreis-amici-bruchsal-heidelsheim-volterra.eu\\\/wp-content\\\/uploads\\\/2022\\\/08\\\/GOe_Wo_markt-BR-03398-391x260.jpg\",\"tileview\":\"https:\\\/\\\/freundeskreis-amici-bruchsal-heidelsheim-volterra.eu\\\/wp-content\\\/uploads\\\/2022\\\/08\\\/GOe_Wo_markt-BR-03398-300x400.jpg\",\"1536x1536\":\"https:\\\/\\\/freundeskreis-amici-bruchsal-heidelsheim-volterra.eu\\\/wp-content\\\/uploads\\\/2022\\\/08\\\/GOe_Wo_markt-BR-03398.jpg\",\"2048x2048\":\"https:\\\/\\\/freundeskreis-amici-bruchsal-heidelsheim-volterra.eu\\\/wp-content\\\/uploads\\\/2022\\\/08\\\/GOe_Wo_markt-BR-03398.jpg\",\"full\":\"https:\\\/\\\/freundeskreis-amici-bruchsal-heidelsheim-volterra.eu\\\/wp-content\\\/uploads\\\/2022\\\/08\\\/GOe_Wo_markt-BR-03398.jpg\",\"index\":9,\"id\":629,\"video\":false,\"opts\":{\"caption\":\"Marktplatz\",\"thumb\":\"https:\\\/\\\/freundeskreis-amici-bruchsal-heidelsheim-volterra.eu\\\/wp-content\\\/uploads\\\/2022\\\/08\\\/GOe_Wo_markt-BR-03398-75x50_c.jpg\",\"title\":\"G&Ouml;_Wo_markt-BR-03398\"},\"gallery_id\":\"606\"},{\"status\":\"active\",\"src\":false,\"title\":\"2017_05 Ste-Menu_PL039KM__0131\",\"link\":\"https:\\\/\\\/freundeskreis-amici-bruchsal-heidelsheim-volterra.eu\\\/wp-content\\\/uploads\\\/2022\\\/08\\\/2017_05-Ste-Menu_PL039KM__0131-scaled.jpg\",\"alt\":\"\",\"caption\":\"Sainte-M&eacute;nehould-Platz\",\"thumb\":{\"errors\":{\"envira-gallery-error-no-url\":[\"No image URL specified for cropping.\"]},\"error_data\":[]},\"thumbnail\":false,\"medium\":false,\"medium_large\":false,\"large\":false,\"thumblist\":false,\"thumbrelated\":false,\"meccarouselthumb\":false,\"gridsquare\":false,\"tileview\":false,\"1536x1536\":false,\"2048x2048\":false,\"full\":false,\"index\":10,\"id\":723,\"video\":false,\"opts\":{\"caption\":\"Sainte-M&eacute;nehould-Platz\",\"thumb\":{\"errors\":{\"envira-gallery-error-no-url\":[\"No image URL specified for cropping.\"]},\"error_data\":[]},\"title\":\"2017_05 Ste-Menu_PL039KM__0131\"},\"gallery_id\":\"606\"},{\"status\":\"active\",\"src\":\"https:\\\/\\\/freundeskreis-amici-bruchsal-heidelsheim-volterra.eu\\\/wp-content\\\/uploads\\\/2022\\\/08\\\/GOe_EUR_Platz-01026.jpg\",\"title\":\"G&Ouml;_EUR_Platz-01026\",\"link\":\"https:\\\/\\\/freundeskreis-amici-bruchsal-heidelsheim-volterra.eu\\\/wp-content\\\/uploads\\\/2022\\\/08\\\/GOe_EUR_Platz-01026.jpg\",\"alt\":\"Europaplatz\",\"caption\":\"Europaplatz\",\"thumb\":\"https:\\\/\\\/freundeskreis-amici-bruchsal-heidelsheim-volterra.eu\\\/wp-content\\\/uploads\\\/2022\\\/08\\\/GOe_EUR_Platz-01026-75x50_c.jpg\",\"meta\":{\"aperture\":null,\"credit\":null,\"camera\":null,\"caption\":\"\",\"created_timestamp\":null,\"copyright\":null,\"focal_length\":null,\"iso\":null,\"shutter_speed\":null,\"title\":\"\",\"orientation\":null,\"keywords\":null,\"resized_images\":null},\"thumbnail\":\"https:\\\/\\\/freundeskreis-amici-bruchsal-heidelsheim-volterra.eu\\\/wp-content\\\/uploads\\\/2022\\\/08\\\/GOe_EUR_Platz-01026-150x150.jpg\",\"medium\":\"https:\\\/\\\/freundeskreis-amici-bruchsal-heidelsheim-volterra.eu\\\/wp-content\\\/uploads\\\/2022\\\/08\\\/GOe_EUR_Platz-01026-300x200.jpg\",\"medium_large\":\"https:\\\/\\\/freundeskreis-amici-bruchsal-heidelsheim-volterra.eu\\\/wp-content\\\/uploads\\\/2022\\\/08\\\/GOe_EUR_Platz-01026-768x512.jpg\",\"large\":\"https:\\\/\\\/freundeskreis-amici-bruchsal-heidelsheim-volterra.eu\\\/wp-content\\\/uploads\\\/2022\\\/08\\\/GOe_EUR_Platz-01026-1024x683.jpg\",\"thumblist\":\"https:\\\/\\\/freundeskreis-amici-bruchsal-heidelsheim-volterra.eu\\\/wp-content\\\/uploads\\\/2022\\\/08\\\/GOe_EUR_Platz-01026-300x300.jpg\",\"thumbrelated\":\"https:\\\/\\\/freundeskreis-amici-bruchsal-heidelsheim-volterra.eu\\\/wp-content\\\/uploads\\\/2022\\\/08\\\/GOe_EUR_Platz-01026.jpg\",\"meccarouselthumb\":\"https:\\\/\\\/freundeskreis-amici-bruchsal-heidelsheim-volterra.eu\\\/wp-content\\\/uploads\\\/2022\\\/08\\\/GOe_EUR_Platz-01026-474x324.jpg\",\"gridsquare\":\"https:\\\/\\\/freundeskreis-amici-bruchsal-heidelsheim-volterra.eu\\\/wp-content\\\/uploads\\\/2022\\\/08\\\/GOe_EUR_Platz-01026-391x260.jpg\",\"tileview\":\"https:\\\/\\\/freundeskreis-amici-bruchsal-heidelsheim-volterra.eu\\\/wp-content\\\/uploads\\\/2022\\\/08\\\/GOe_EUR_Platz-01026-300x400.jpg\",\"1536x1536\":\"https:\\\/\\\/freundeskreis-amici-bruchsal-heidelsheim-volterra.eu\\\/wp-content\\\/uploads\\\/2022\\\/08\\\/GOe_EUR_Platz-01026.jpg\",\"2048x2048\":\"https:\\\/\\\/freundeskreis-amici-bruchsal-heidelsheim-volterra.eu\\\/wp-content\\\/uploads\\\/2022\\\/08\\\/GOe_EUR_Platz-01026.jpg\",\"full\":\"https:\\\/\\\/freundeskreis-amici-bruchsal-heidelsheim-volterra.eu\\\/wp-content\\\/uploads\\\/2022\\\/08\\\/GOe_EUR_Platz-01026.jpg\",\"index\":11,\"id\":617,\"video\":false,\"opts\":{\"caption\":\"Europaplatz\",\"thumb\":\"https:\\\/\\\/freundeskreis-amici-bruchsal-heidelsheim-volterra.eu\\\/wp-content\\\/uploads\\\/2022\\\/08\\\/GOe_EUR_Platz-01026-75x50_c.jpg\",\"title\":\"G&Ouml;_EUR_Platz-01026\"},\"gallery_id\":\"606\"},{\"status\":\"active\",\"src\":false,\"title\":\"Bruchsal_Bruchsal_Golfplatz_GO_01-02484\",\"link\":\"https:\\\/\\\/freundeskreis-amici-bruchsal-heidelsheim-volterra.eu\\\/wp-content\\\/uploads\\\/2022\\\/12\\\/Bruchsal_Bruchsal_Golfplatz_GO_01-02484-scaled.jpg\",\"alt\":\"\",\"caption\":\"Golfplatz Bruchsal\",\"thumb\":{\"errors\":{\"envira-gallery-error-no-url\":[\"No image URL specified for cropping.\"]},\"error_data\":[]},\"thumbnail\":false,\"medium\":false,\"medium_large\":false,\"large\":false,\"thumblist\":false,\"thumbrelated\":false,\"meccarouselthumb\":false,\"gridsquare\":false,\"tileview\":false,\"1536x1536\":false,\"2048x2048\":false,\"full\":false,\"index\":12,\"id\":1375,\"video\":false,\"opts\":{\"caption\":\"Golfplatz Bruchsal\",\"thumb\":{\"errors\":{\"envira-gallery-error-no-url\":[\"No image URL specified for cropping.\"]},\"error_data\":[]},\"title\":\"Bruchsal_Bruchsal_Golfplatz_GO_01-02484\"},\"gallery_id\":\"606\"},{\"status\":\"active\",\"src\":false,\"title\":\"Bruchsal_Bruchsal_Golfplatz_GO_01-02488\",\"link\":\"https:\\\/\\\/freundeskreis-amici-bruchsal-heidelsheim-volterra.eu\\\/wp-content\\\/uploads\\\/2022\\\/12\\\/Bruchsal_Bruchsal_Golfplatz_GO_01-02488-scaled.jpg\",\"alt\":\"\",\"caption\":\"Golfplatz Bruchsal\",\"thumb\":{\"errors\":{\"envira-gallery-error-no-url\":[\"No image URL specified for cropping.\"]},\"error_data\":[]},\"thumbnail\":false,\"medium\":false,\"medium_large\":false,\"large\":false,\"thumblist\":false,\"thumbrelated\":false,\"meccarouselthumb\":false,\"gridsquare\":false,\"tileview\":false,\"1536x1536\":false,\"2048x2048\":false,\"full\":false,\"index\":13,\"id\":1377,\"video\":false,\"opts\":{\"caption\":\"Golfplatz Bruchsal\",\"thumb\":{\"errors\":{\"envira-gallery-error-no-url\":[\"No image URL specified for cropping.\"]},\"error_data\":[]},\"title\":\"Bruchsal_Bruchsal_Golfplatz_GO_01-02488\"},\"gallery_id\":\"606\"},{\"status\":\"active\",\"src\":false,\"title\":\"Bruchsal_Bruchsal_LandesFeuerwehrSchule_GO_01-3767\",\"link\":\"https:\\\/\\\/freundeskreis-amici-bruchsal-heidelsheim-volterra.eu\\\/wp-content\\\/uploads\\\/2022\\\/12\\\/Bruchsal_Bruchsal_LandesFeuerwehrSchule_GO_01-3767-scaled.jpg\",\"alt\":\"\",\"caption\":\"Landes-Feuerwehrschule\",\"thumb\":{\"errors\":{\"envira-gallery-error-no-url\":[\"No image URL specified for cropping.\"]},\"error_data\":[]},\"thumbnail\":false,\"medium\":false,\"medium_large\":false,\"large\":false,\"thumblist\":false,\"thumbrelated\":false,\"meccarouselthumb\":false,\"gridsquare\":false,\"tileview\":false,\"1536x1536\":false,\"2048x2048\":false,\"full\":false,\"index\":14,\"id\":1379,\"video\":false,\"opts\":{\"caption\":\"Landes-Feuerwehrschule\",\"thumb\":{\"errors\":{\"envira-gallery-error-no-url\":[\"No image URL specified for cropping.\"]},\"error_data\":[]},\"title\":\"Bruchsal_Bruchsal_LandesFeuerwehrSchule_GO_01-3767\"},\"gallery_id\":\"606\"}]' data-lightbox-theme='{&quot;arrows&quot;:true,&quot;margins&quot;:[120,0],&quot;gutter&quot;:&quot;100&quot;,&quot;thumbs_position&quot;:&quot;bottom&quot;,&quot;base_template&quot;:&quot;&lt;div id=\\&quot;envirabox-606\\&quot; data-envirabox-id=\\&quot;606\\&quot; class=\\&quot;envirabox-container envirabox-theme-base_dark envirabox-wrap\\&quot; role=\\&quot;dialog\\&quot;&gt;&lt;div class=\\&quot;envirabox-bg\\&quot;&gt;&lt;\\\/div&gt;&lt;div class=\\&quot;envirabox-outer\\&quot;&gt;&lt;div class=\\&quot;envirabox-inner\\&quot;&gt;&lt;div class=\\&quot;envirabox-caption-wrap\\&quot;&gt;&lt;div class=\\&quot;envirabox-caption\\&quot;&gt;&lt;\\\/div&gt;&lt;\\\/div&gt;&lt;div class=\\&quot;envirabox-toolbar\\&quot;&gt;&lt;div class=\\&quot;envira-close-button\\&quot;&gt;&lt;a data-envirabox-close class=\\&quot;envirabox-item envirabox-close envirabox-button--close\\&quot; title=\\&quot;Close\\&quot; href=\\&quot;#\\&quot;&gt;&lt;\\\/a&gt;&lt;\\\/div&gt;&lt;\\\/div&gt;&lt;div class=\\&quot;envirabox-navigation\\&quot;&gt;&lt;a data-envirabox-prev title=\\&quot;Prev\\&quot; class=\\&quot;envirabox-arrow envirabox-arrow--left envirabox-nav envirabox-prev\\&quot; href=\\&quot;#\\&quot;&gt;&lt;span&gt;&lt;\\\/span&gt;&lt;\\\/a&gt;&lt;a data-envirabox-next title=\\&quot;Next\\&quot; class=\\&quot;envirabox-arrow envirabox-arrow--right envirabox-nav envirabox-next\\&quot; href=\\&quot;#\\&quot;&gt;&lt;span&gt;&lt;\\\/span&gt;&lt;\\\/a&gt;&lt;\\\/div&gt;&lt;div class=\\&quot;envirabox-stage\\&quot;&gt;&lt;\\\/div&gt;&lt;\\\/div&gt;&lt;\\\/div&gt;&lt;\\\/div&gt;&quot;,&quot;load_all&quot;:false,&quot;error_template&quot;:&quot;&lt;div class=\\&quot;envirabox-error\\&quot;&gt;&lt;p&gt;{{ERROR}}&lt;p&gt;&lt;\\\/div&gt;&quot;,&quot;inner_caption&quot;:false,&quot;caption_position&quot;:false,&quot;arrow_position&quot;:false,&quot;toolbar&quot;:true,&quot;infobar&quot;:false,&quot;show_smallbtn&quot;:false,&quot;idle_time&quot;:false,&quot;click_content&quot;:false,&quot;click_slide&quot;:false,&quot;click_outside&quot;:false,&quot;animation_duration&quot;:false,&quot;transition_duration&quot;:false,&quot;small_btn_template&quot;:&quot;&lt;a data-envirabox-close class=\\&quot;envirabox-item envirabox-close envirabox-button--close\\&quot; title=\\&quot;Close\\&quot; href=\\&quot;#\\&quot;&gt;&lt;\\\/a&gt;&quot;}' data-parsed-attrs='{\"id\":\"606\",\"cache\":true}'><div id=\"envira-gallery-item-607\" class=\"envira-gallery-item envira-gallery-item-1 envira-lazy-load\" style=\"padding-left: 1px; padding-bottom: 1px; padding-right: 1px;\"  itemscope itemtype=\"https:\/\/schema.org\/ImageObject\"><div class=\"envira-gallery-item-inner\"><div class=\"envira-gallery-position-overlay envira-gallery-top-left\"><\/div><div class=\"envira-gallery-position-overlay envira-gallery-top-right\"><\/div><div class=\"envira-gallery-position-overlay envira-gallery-bottom-left\"><\/div><div class=\"envira-gallery-position-overlay envira-gallery-bottom-right\"><\/div><a class=\"envira-gallery-606 envira-gallery-link\" href=\"https:\/\/freundeskreis-amici-bruchsal-heidelsheim-volterra.eu\/wp-content\/uploads\/2022\/08\/20170506Rathaus_Kirche-Oefner1353.jpg\" title=\"20170506Rathaus_Kirche-\u00d6fner1353\" data-caption=\"Rathaus\" data-envira-item-id=\"607\" data-envira-retina=\"https:\/\/freundeskreis-amici-bruchsal-heidelsheim-volterra.eu\/wp-content\/uploads\/2022\/08\/20170506Rathaus_Kirche-Oefner1353.jpg\" data-thumb=\"https:\/\/freundeskreis-amici-bruchsal-heidelsheim-volterra.eu\/wp-content\/uploads\/2022\/08\/20170506Rathaus_Kirche-Oefner1353-75x50_c.jpg\" data-title=\"20170506Rathaus_Kirche-&Ouml;fner1353\" data-envirabox='606' itemprop=\"contentUrl\"><img fetchpriority=\"high\" decoding=\"async\" src=\"https:\/\/freundeskreis-amici-bruchsal-heidelsheim-volterra.eu\/wp-content\/uploads\/2022\/08\/20170506Rathaus_Kirche-Oefner1353-1024x683.jpg\" alt=\"Rathaus\" class=\"envira-gallery-image envira-gallery-image-1    envira-lazy\" height=\"480\" id=\"envira-gallery-image-607\" srcset=\"data:image\/gif;base64,R0lGODlhAQABAIAAAP\/\/\/\/\/\/\/yH5BAEKAAEALAAAAAABAAEAAAICTAEAOw==\" tabindex=\"-1\" title=\"20170506Rathaus_Kirche-\u00d6fner1353\" width=\"640\" data-caption=\"Rathaus\" data-envira-gallery-id=\"606\" data-envira-index=\"0\" data-envira-item-id=\"607\" data-envira-src=\"https:\/\/freundeskreis-amici-bruchsal-heidelsheim-volterra.eu\/wp-content\/uploads\/2022\/08\/20170506Rathaus_Kirche-Oefner1353-1024x683.jpg\" data-envira-srcset=\"https:\/\/freundeskreis-amici-bruchsal-heidelsheim-volterra.eu\/wp-content\/uploads\/2022\/08\/20170506Rathaus_Kirche-Oefner1353-1024x683.jpg 400w, https:\/\/freundeskreis-amici-bruchsal-heidelsheim-volterra.eu\/wp-content\/uploads\/2022\/08\/20170506Rathaus_Kirche-Oefner1353-1024x683.jpg 2x\" data-title=\"20170506Rathaus_Kirche-&Ouml;fner1353\" itemprop=\"thumbnailUrl\"  draggable=\"false\" onmousedown=\"event.preventDefault()\"  data-no-lazy=\"1\"  data-envirabox=\"606\" data-automatic-caption=\"\" data-envira-height=\"200\" data-envira-width=\"300\" \/><\/a><\/div><\/div><div id=\"envira-gallery-item-609\" class=\"envira-gallery-item envira-gallery-item-2 envira-lazy-load\" style=\"padding-left: 1px; padding-bottom: 1px; padding-right: 1px;\"  itemscope itemtype=\"https:\/\/schema.org\/ImageObject\"><div class=\"envira-gallery-item-inner\"><div class=\"envira-gallery-position-overlay envira-gallery-top-left\"><\/div><div class=\"envira-gallery-position-overlay envira-gallery-top-right\"><\/div><div class=\"envira-gallery-position-overlay envira-gallery-bottom-left\"><\/div><div class=\"envira-gallery-position-overlay envira-gallery-bottom-right\"><\/div><a class=\"envira-gallery-606 envira-gallery-link\" href=\"https:\/\/freundeskreis-amici-bruchsal-heidelsheim-volterra.eu\/wp-content\/uploads\/2022\/08\/20190428GOe_Schloss_BR001GOe_SVADSC08903-Bearbeitet.jpg\" title=\"20190428G\u00d6_Schloss_BR001G\u00d6_SVADSC08903-Bearbeitet\" data-caption=\"Schloss\" data-envira-item-id=\"609\" data-envira-retina=\"https:\/\/freundeskreis-amici-bruchsal-heidelsheim-volterra.eu\/wp-content\/uploads\/2022\/08\/20190428GOe_Schloss_BR001GOe_SVADSC08903-Bearbeitet.jpg\" data-thumb=\"https:\/\/freundeskreis-amici-bruchsal-heidelsheim-volterra.eu\/wp-content\/uploads\/2022\/08\/20190428GOe_Schloss_BR001GOe_SVADSC08903-Bearbeitet-75x50_c.jpg\" data-title=\"20190428G&Ouml;_Schloss_BR001G&Ouml;_SVADSC08903-Bearbeitet\" data-envirabox='606' itemprop=\"contentUrl\"><img decoding=\"async\" src=\"https:\/\/freundeskreis-amici-bruchsal-heidelsheim-volterra.eu\/wp-content\/uploads\/2022\/08\/20190428GOe_Schloss_BR001GOe_SVADSC08903-Bearbeitet-1024x683.jpg\" alt=\"Schloss\" class=\"envira-gallery-image envira-gallery-image-2    envira-lazy\" height=\"480\" id=\"envira-gallery-image-609\" srcset=\"data:image\/gif;base64,R0lGODlhAQABAIAAAP\/\/\/\/\/\/\/yH5BAEKAAEALAAAAAABAAEAAAICTAEAOw==\" tabindex=\"-1\" title=\"20190428G\u00d6_Schloss_BR001G\u00d6_SVADSC08903-Bearbeitet\" width=\"640\" data-caption=\"Schloss\" data-envira-gallery-id=\"606\" data-envira-index=\"1\" data-envira-item-id=\"609\" data-envira-src=\"https:\/\/freundeskreis-amici-bruchsal-heidelsheim-volterra.eu\/wp-content\/uploads\/2022\/08\/20190428GOe_Schloss_BR001GOe_SVADSC08903-Bearbeitet-1024x683.jpg\" data-envira-srcset=\"https:\/\/freundeskreis-amici-bruchsal-heidelsheim-volterra.eu\/wp-content\/uploads\/2022\/08\/20190428GOe_Schloss_BR001GOe_SVADSC08903-Bearbeitet-1024x683.jpg 400w, https:\/\/freundeskreis-amici-bruchsal-heidelsheim-volterra.eu\/wp-content\/uploads\/2022\/08\/20190428GOe_Schloss_BR001GOe_SVADSC08903-Bearbeitet-1024x683.jpg 2x\" data-title=\"20190428G&Ouml;_Schloss_BR001G&Ouml;_SVADSC08903-Bearbeitet\" itemprop=\"thumbnailUrl\"  draggable=\"false\" onmousedown=\"event.preventDefault()\"  data-no-lazy=\"1\"  data-envirabox=\"606\" data-automatic-caption=\"\" data-envira-height=\"200\" data-envira-width=\"300\" \/><\/a><\/div><\/div><div id=\"envira-gallery-item-611\" class=\"envira-gallery-item envira-gallery-item-3 envira-lazy-load\" style=\"padding-left: 1px; padding-bottom: 1px; padding-right: 1px;\"  itemscope itemtype=\"https:\/\/schema.org\/ImageObject\"><div class=\"envira-gallery-item-inner\"><div class=\"envira-gallery-position-overlay envira-gallery-top-left\"><\/div><div class=\"envira-gallery-position-overlay envira-gallery-top-right\"><\/div><div class=\"envira-gallery-position-overlay envira-gallery-bottom-left\"><\/div><div class=\"envira-gallery-position-overlay envira-gallery-bottom-right\"><\/div><a class=\"envira-gallery-606 envira-gallery-link\" href=\"https:\/\/freundeskreis-amici-bruchsal-heidelsheim-volterra.eu\/wp-content\/uploads\/2022\/08\/GOe_Belveder-0145.jpg\" title=\"G\u00d6_Belveder-0145\" data-caption=\"Belvedere\" data-envira-item-id=\"611\" data-envira-retina=\"https:\/\/freundeskreis-amici-bruchsal-heidelsheim-volterra.eu\/wp-content\/uploads\/2022\/08\/GOe_Belveder-0145.jpg\" data-thumb=\"https:\/\/freundeskreis-amici-bruchsal-heidelsheim-volterra.eu\/wp-content\/uploads\/2022\/08\/GOe_Belveder-0145-75x50_c.jpg\" data-title=\"G&Ouml;_Belveder-0145\" data-envirabox='606' itemprop=\"contentUrl\"><img decoding=\"async\" src=\"https:\/\/freundeskreis-amici-bruchsal-heidelsheim-volterra.eu\/wp-content\/uploads\/2022\/08\/GOe_Belveder-0145-1024x682.jpg\" alt=\"Belvedere\" class=\"envira-gallery-image envira-gallery-image-3    envira-lazy\" height=\"480\" id=\"envira-gallery-image-611\" srcset=\"data:image\/gif;base64,R0lGODlhAQABAIAAAP\/\/\/\/\/\/\/yH5BAEKAAEALAAAAAABAAEAAAICTAEAOw==\" tabindex=\"-1\" title=\"G\u00d6_Belveder-0145\" width=\"640\" data-caption=\"Belvedere\" data-envira-gallery-id=\"606\" data-envira-index=\"2\" data-envira-item-id=\"611\" data-envira-src=\"https:\/\/freundeskreis-amici-bruchsal-heidelsheim-volterra.eu\/wp-content\/uploads\/2022\/08\/GOe_Belveder-0145-1024x682.jpg\" data-envira-srcset=\"https:\/\/freundeskreis-amici-bruchsal-heidelsheim-volterra.eu\/wp-content\/uploads\/2022\/08\/GOe_Belveder-0145-1024x682.jpg 400w, https:\/\/freundeskreis-amici-bruchsal-heidelsheim-volterra.eu\/wp-content\/uploads\/2022\/08\/GOe_Belveder-0145-1024x682.jpg 2x\" data-title=\"G&Ouml;_Belveder-0145\" itemprop=\"thumbnailUrl\"  draggable=\"false\" onmousedown=\"event.preventDefault()\"  data-no-lazy=\"1\"  data-envirabox=\"606\" data-automatic-caption=\"\" data-envira-height=\"200\" data-envira-width=\"300\" \/><\/a><\/div><\/div><div id=\"envira-gallery-item-613\" class=\"envira-gallery-item envira-gallery-item-4 envira-lazy-load\" style=\"padding-left: 1px; padding-bottom: 1px; padding-right: 1px;\"  itemscope itemtype=\"https:\/\/schema.org\/ImageObject\"><div class=\"envira-gallery-item-inner\"><div class=\"envira-gallery-position-overlay envira-gallery-top-left\"><\/div><div class=\"envira-gallery-position-overlay envira-gallery-top-right\"><\/div><div class=\"envira-gallery-position-overlay envira-gallery-bottom-left\"><\/div><div class=\"envira-gallery-position-overlay envira-gallery-bottom-right\"><\/div><a class=\"envira-gallery-606 envira-gallery-link\" href=\"https:\/\/freundeskreis-amici-bruchsal-heidelsheim-volterra.eu\/wp-content\/uploads\/2022\/08\/GOe_Buergerpark-0383.jpg\" title=\"G\u00d6_B\u00fcrgerpark-0383\" data-caption=\"B&uuml;rgerpark, Skulptur St&auml;dtefreundschaft\" data-envira-item-id=\"613\" data-envira-retina=\"https:\/\/freundeskreis-amici-bruchsal-heidelsheim-volterra.eu\/wp-content\/uploads\/2022\/08\/GOe_Buergerpark-0383.jpg\" data-thumb=\"https:\/\/freundeskreis-amici-bruchsal-heidelsheim-volterra.eu\/wp-content\/uploads\/2022\/08\/GOe_Buergerpark-0383-75x50_c.jpg\" data-title=\"G&Ouml;_B&uuml;rgerpark-0383\" data-envirabox='606' itemprop=\"contentUrl\"><img loading=\"lazy\" decoding=\"async\" src=\"https:\/\/freundeskreis-amici-bruchsal-heidelsheim-volterra.eu\/wp-content\/uploads\/2022\/08\/GOe_Buergerpark-0383-1024x683.jpg\" alt=\"B&uuml;rgerpark, Skulptur St&auml;dtefreundschaft\" class=\"envira-gallery-image envira-gallery-image-4    envira-lazy\" height=\"480\" id=\"envira-gallery-image-613\" srcset=\"data:image\/gif;base64,R0lGODlhAQABAIAAAP\/\/\/\/\/\/\/yH5BAEKAAEALAAAAAABAAEAAAICTAEAOw==\" tabindex=\"-1\" title=\"G\u00d6_B\u00fcrgerpark-0383\" width=\"640\" data-caption=\"B&uuml;rgerpark, Skulptur St&auml;dtefreundschaft\" data-envira-gallery-id=\"606\" data-envira-index=\"3\" data-envira-item-id=\"613\" data-envira-src=\"https:\/\/freundeskreis-amici-bruchsal-heidelsheim-volterra.eu\/wp-content\/uploads\/2022\/08\/GOe_Buergerpark-0383-1024x683.jpg\" data-envira-srcset=\"https:\/\/freundeskreis-amici-bruchsal-heidelsheim-volterra.eu\/wp-content\/uploads\/2022\/08\/GOe_Buergerpark-0383-1024x683.jpg 400w, https:\/\/freundeskreis-amici-bruchsal-heidelsheim-volterra.eu\/wp-content\/uploads\/2022\/08\/GOe_Buergerpark-0383-1024x683.jpg 2x\" data-title=\"G&Ouml;_B&uuml;rgerpark-0383\" itemprop=\"thumbnailUrl\"  draggable=\"false\" onmousedown=\"event.preventDefault()\"  data-no-lazy=\"1\"  data-envirabox=\"606\" data-automatic-caption=\"\" data-envira-height=\"200\" data-envira-width=\"300\" \/><\/a><\/div><\/div><div id=\"envira-gallery-item-615\" class=\"envira-gallery-item envira-gallery-item-5 envira-lazy-load\" style=\"padding-left: 1px; padding-bottom: 1px; padding-right: 1px;\"  itemscope itemtype=\"https:\/\/schema.org\/ImageObject\"><div class=\"envira-gallery-item-inner\"><div class=\"envira-gallery-position-overlay envira-gallery-top-left\"><\/div><div class=\"envira-gallery-position-overlay envira-gallery-top-right\"><\/div><div class=\"envira-gallery-position-overlay envira-gallery-bottom-left\"><\/div><div class=\"envira-gallery-position-overlay envira-gallery-bottom-right\"><\/div><a class=\"envira-gallery-606 envira-gallery-link\" href=\"https:\/\/freundeskreis-amici-bruchsal-heidelsheim-volterra.eu\/wp-content\/uploads\/2022\/08\/GOe_Buergerpark-0389.jpg\" title=\"G\u00d6_B\u00fcrgerpark-0389\" data-caption=\"Bergfried\" data-envira-item-id=\"615\" data-envira-retina=\"https:\/\/freundeskreis-amici-bruchsal-heidelsheim-volterra.eu\/wp-content\/uploads\/2022\/08\/GOe_Buergerpark-0389.jpg\" data-thumb=\"https:\/\/freundeskreis-amici-bruchsal-heidelsheim-volterra.eu\/wp-content\/uploads\/2022\/08\/GOe_Buergerpark-0389-75x50_c.jpg\" data-title=\"G&Ouml;_B&uuml;rgerpark-0389\" data-envirabox='606' itemprop=\"contentUrl\"><img loading=\"lazy\" decoding=\"async\" src=\"https:\/\/freundeskreis-amici-bruchsal-heidelsheim-volterra.eu\/wp-content\/uploads\/2022\/08\/GOe_Buergerpark-0389-1024x683.jpg\" alt=\"Bergfried\" class=\"envira-gallery-image envira-gallery-image-5    envira-lazy\" height=\"480\" id=\"envira-gallery-image-615\" srcset=\"data:image\/gif;base64,R0lGODlhAQABAIAAAP\/\/\/\/\/\/\/yH5BAEKAAEALAAAAAABAAEAAAICTAEAOw==\" tabindex=\"-1\" title=\"G\u00d6_B\u00fcrgerpark-0389\" width=\"640\" data-caption=\"Bergfried\" data-envira-gallery-id=\"606\" data-envira-index=\"4\" data-envira-item-id=\"615\" data-envira-src=\"https:\/\/freundeskreis-amici-bruchsal-heidelsheim-volterra.eu\/wp-content\/uploads\/2022\/08\/GOe_Buergerpark-0389-1024x683.jpg\" data-envira-srcset=\"https:\/\/freundeskreis-amici-bruchsal-heidelsheim-volterra.eu\/wp-content\/uploads\/2022\/08\/GOe_Buergerpark-0389-1024x683.jpg 400w, https:\/\/freundeskreis-amici-bruchsal-heidelsheim-volterra.eu\/wp-content\/uploads\/2022\/08\/GOe_Buergerpark-0389-1024x683.jpg 2x\" data-title=\"G&Ouml;_B&uuml;rgerpark-0389\" itemprop=\"thumbnailUrl\"  draggable=\"false\" onmousedown=\"event.preventDefault()\"  data-no-lazy=\"1\"  data-envirabox=\"606\" data-automatic-caption=\"\" data-envira-height=\"200\" data-envira-width=\"300\" \/><\/a><\/div><\/div><div id=\"envira-gallery-item-621\" class=\"envira-gallery-item envira-gallery-item-6 envira-lazy-load\" style=\"padding-left: 1px; padding-bottom: 1px; padding-right: 1px;\"  itemscope itemtype=\"https:\/\/schema.org\/ImageObject\"><div class=\"envira-gallery-item-inner\"><div class=\"envira-gallery-position-overlay envira-gallery-top-left\"><\/div><div class=\"envira-gallery-position-overlay envira-gallery-top-right\"><\/div><div class=\"envira-gallery-position-overlay envira-gallery-bottom-left\"><\/div><div class=\"envira-gallery-position-overlay envira-gallery-bottom-right\"><\/div><a class=\"envira-gallery-606 envira-gallery-link\" href=\"https:\/\/freundeskreis-amici-bruchsal-heidelsheim-volterra.eu\/wp-content\/uploads\/2022\/08\/GOe_Neue-Feuerwehr-1532.jpg\" title=\"G\u00d6_Neue-Feuerwehr-1532\" data-caption=\"Nouveaux pompiers\" data-envira-item-id=\"621\" data-envira-retina=\"https:\/\/freundeskreis-amici-bruchsal-heidelsheim-volterra.eu\/wp-content\/uploads\/2022\/08\/GOe_Neue-Feuerwehr-1532.jpg\" data-thumb=\"https:\/\/freundeskreis-amici-bruchsal-heidelsheim-volterra.eu\/wp-content\/uploads\/2022\/08\/GOe_Neue-Feuerwehr-1532-75x50_c.jpg\" data-title=\"G&Ouml;_Neue-Feuerwehr-1532\" data-envirabox='606' itemprop=\"contentUrl\"><img loading=\"lazy\" decoding=\"async\" src=\"https:\/\/freundeskreis-amici-bruchsal-heidelsheim-volterra.eu\/wp-content\/uploads\/2022\/08\/GOe_Neue-Feuerwehr-1532-1024x576.jpg\" alt=\"Feuerwehrschule\" class=\"envira-gallery-image envira-gallery-image-6    envira-lazy\" height=\"480\" id=\"envira-gallery-image-621\" srcset=\"data:image\/gif;base64,R0lGODlhAQABAIAAAP\/\/\/\/\/\/\/yH5BAEKAAEALAAAAAABAAEAAAICTAEAOw==\" tabindex=\"-1\" title=\"G\u00d6_Neue-Feuerwehr-1532\" width=\"640\" data-caption=\"Nouveaux pompiers\" data-envira-gallery-id=\"606\" data-envira-index=\"5\" data-envira-item-id=\"621\" data-envira-src=\"https:\/\/freundeskreis-amici-bruchsal-heidelsheim-volterra.eu\/wp-content\/uploads\/2022\/08\/GOe_Neue-Feuerwehr-1532-1024x576.jpg\" data-envira-srcset=\"https:\/\/freundeskreis-amici-bruchsal-heidelsheim-volterra.eu\/wp-content\/uploads\/2022\/08\/GOe_Neue-Feuerwehr-1532-1024x576.jpg 400w, https:\/\/freundeskreis-amici-bruchsal-heidelsheim-volterra.eu\/wp-content\/uploads\/2022\/08\/GOe_Neue-Feuerwehr-1532-1024x576.jpg 2x\" data-title=\"G&Ouml;_Neue-Feuerwehr-1532\" itemprop=\"thumbnailUrl\"  draggable=\"false\" onmousedown=\"event.preventDefault()\"  data-no-lazy=\"1\"  data-envirabox=\"606\" data-automatic-caption=\"\" data-envira-height=\"169\" data-envira-width=\"300\" \/><\/a><\/div><\/div><div id=\"envira-gallery-item-623\" class=\"envira-gallery-item envira-gallery-item-7 envira-lazy-load\" style=\"padding-left: 1px; padding-bottom: 1px; padding-right: 1px;\"  itemscope itemtype=\"https:\/\/schema.org\/ImageObject\"><div class=\"envira-gallery-item-inner\"><div class=\"envira-gallery-position-overlay envira-gallery-top-left\"><\/div><div class=\"envira-gallery-position-overlay envira-gallery-top-right\"><\/div><div class=\"envira-gallery-position-overlay envira-gallery-bottom-left\"><\/div><div class=\"envira-gallery-position-overlay envira-gallery-bottom-right\"><\/div><a class=\"envira-gallery-606 envira-gallery-link\" href=\"https:\/\/freundeskreis-amici-bruchsal-heidelsheim-volterra.eu\/wp-content\/uploads\/2022\/08\/GOe_Peterskirche-Bruchsal-0511.jpg\" title=\"G\u00d6_Peterskirche-Bruchsal-0511\" data-caption=\"Kirche St. Peter\" data-envira-item-id=\"623\" data-envira-retina=\"https:\/\/freundeskreis-amici-bruchsal-heidelsheim-volterra.eu\/wp-content\/uploads\/2022\/08\/GOe_Peterskirche-Bruchsal-0511.jpg\" data-thumb=\"https:\/\/freundeskreis-amici-bruchsal-heidelsheim-volterra.eu\/wp-content\/uploads\/2022\/08\/GOe_Peterskirche-Bruchsal-0511-75x50_c.jpg\" data-title=\"G&Ouml;_Peterskirche-Bruchsal-0511\" data-envirabox='606' itemprop=\"contentUrl\"><img loading=\"lazy\" decoding=\"async\" src=\"https:\/\/freundeskreis-amici-bruchsal-heidelsheim-volterra.eu\/wp-content\/uploads\/2022\/08\/GOe_Peterskirche-Bruchsal-0511-1024x683.jpg\" alt=\"Kirche St. Peter\" class=\"envira-gallery-image envira-gallery-image-7    envira-lazy\" height=\"480\" id=\"envira-gallery-image-623\" srcset=\"data:image\/gif;base64,R0lGODlhAQABAIAAAP\/\/\/\/\/\/\/yH5BAEKAAEALAAAAAABAAEAAAICTAEAOw==\" tabindex=\"-1\" title=\"G\u00d6_Peterskirche-Bruchsal-0511\" width=\"640\" data-caption=\"Kirche St. Peter\" data-envira-gallery-id=\"606\" data-envira-index=\"6\" data-envira-item-id=\"623\" data-envira-src=\"https:\/\/freundeskreis-amici-bruchsal-heidelsheim-volterra.eu\/wp-content\/uploads\/2022\/08\/GOe_Peterskirche-Bruchsal-0511-1024x683.jpg\" data-envira-srcset=\"https:\/\/freundeskreis-amici-bruchsal-heidelsheim-volterra.eu\/wp-content\/uploads\/2022\/08\/GOe_Peterskirche-Bruchsal-0511-1024x683.jpg 400w, https:\/\/freundeskreis-amici-bruchsal-heidelsheim-volterra.eu\/wp-content\/uploads\/2022\/08\/GOe_Peterskirche-Bruchsal-0511-1024x683.jpg 2x\" data-title=\"G&Ouml;_Peterskirche-Bruchsal-0511\" itemprop=\"thumbnailUrl\"  draggable=\"false\" onmousedown=\"event.preventDefault()\"  data-no-lazy=\"1\"  data-envirabox=\"606\" data-automatic-caption=\"\" data-envira-height=\"200\" data-envira-width=\"300\" \/><\/a><\/div><\/div><div id=\"envira-gallery-item-625\" class=\"envira-gallery-item envira-gallery-item-8 envira-lazy-load\" style=\"padding-left: 1px; padding-bottom: 1px; padding-right: 1px;\"  itemscope itemtype=\"https:\/\/schema.org\/ImageObject\"><div class=\"envira-gallery-item-inner\"><div class=\"envira-gallery-position-overlay envira-gallery-top-left\"><\/div><div class=\"envira-gallery-position-overlay envira-gallery-top-right\"><\/div><div class=\"envira-gallery-position-overlay envira-gallery-bottom-left\"><\/div><div class=\"envira-gallery-position-overlay envira-gallery-bottom-right\"><\/div><a class=\"envira-gallery-606 envira-gallery-link\" href=\"https:\/\/freundeskreis-amici-bruchsal-heidelsheim-volterra.eu\/wp-content\/uploads\/2022\/08\/GOe_Saalbachbruecke-.jpg\" title=\"G\u00d6_Saalbachbr\u00fccke-\" data-caption=\"Saalbach-Br&uuml;cke\" data-envira-item-id=\"625\" data-envira-retina=\"https:\/\/freundeskreis-amici-bruchsal-heidelsheim-volterra.eu\/wp-content\/uploads\/2022\/08\/GOe_Saalbachbruecke-.jpg\" data-thumb=\"https:\/\/freundeskreis-amici-bruchsal-heidelsheim-volterra.eu\/wp-content\/uploads\/2022\/08\/GOe_Saalbachbruecke--75x50_c.jpg\" data-title=\"G&Ouml;_Saalbachbr&uuml;cke-\" data-envirabox='606' itemprop=\"contentUrl\"><img loading=\"lazy\" decoding=\"async\" src=\"https:\/\/freundeskreis-amici-bruchsal-heidelsheim-volterra.eu\/wp-content\/uploads\/2022\/08\/GOe_Saalbachbruecke--1024x578.jpg\" alt=\"Saalbach-Br&uuml;cke\" class=\"envira-gallery-image envira-gallery-image-8    envira-lazy\" height=\"480\" id=\"envira-gallery-image-625\" srcset=\"data:image\/gif;base64,R0lGODlhAQABAIAAAP\/\/\/\/\/\/\/yH5BAEKAAEALAAAAAABAAEAAAICTAEAOw==\" tabindex=\"-1\" title=\"G\u00d6_Saalbachbr\u00fccke-\" width=\"640\" data-caption=\"Saalbach-Br&uuml;cke\" data-envira-gallery-id=\"606\" data-envira-index=\"7\" data-envira-item-id=\"625\" data-envira-src=\"https:\/\/freundeskreis-amici-bruchsal-heidelsheim-volterra.eu\/wp-content\/uploads\/2022\/08\/GOe_Saalbachbruecke--1024x578.jpg\" data-envira-srcset=\"https:\/\/freundeskreis-amici-bruchsal-heidelsheim-volterra.eu\/wp-content\/uploads\/2022\/08\/GOe_Saalbachbruecke--1024x578.jpg 400w, https:\/\/freundeskreis-amici-bruchsal-heidelsheim-volterra.eu\/wp-content\/uploads\/2022\/08\/GOe_Saalbachbruecke--1024x578.jpg 2x\" data-title=\"G&Ouml;_Saalbachbr&uuml;cke-\" itemprop=\"thumbnailUrl\"  draggable=\"false\" onmousedown=\"event.preventDefault()\"  data-no-lazy=\"1\"  data-envirabox=\"606\" data-automatic-caption=\"\" data-envira-height=\"169\" data-envira-width=\"300\" \/><\/a><\/div><\/div><div id=\"envira-gallery-item-627\" class=\"envira-gallery-item envira-gallery-item-9 envira-lazy-load\" style=\"padding-left: 1px; padding-bottom: 1px; padding-right: 1px;\"  itemscope itemtype=\"https:\/\/schema.org\/ImageObject\"><div class=\"envira-gallery-item-inner\"><div class=\"envira-gallery-position-overlay envira-gallery-top-left\"><\/div><div class=\"envira-gallery-position-overlay envira-gallery-top-right\"><\/div><div class=\"envira-gallery-position-overlay envira-gallery-bottom-left\"><\/div><div class=\"envira-gallery-position-overlay envira-gallery-bottom-right\"><\/div><a class=\"envira-gallery-606 envira-gallery-link\" href=\"https:\/\/freundeskreis-amici-bruchsal-heidelsheim-volterra.eu\/wp-content\/uploads\/2022\/08\/GOe_Wo_markt-BR-03386.jpg\" title=\"G\u00d6_Wo_markt-BR-03386\" data-caption=\"Wochenmarkt\" data-envira-item-id=\"627\" data-envira-retina=\"https:\/\/freundeskreis-amici-bruchsal-heidelsheim-volterra.eu\/wp-content\/uploads\/2022\/08\/GOe_Wo_markt-BR-03386.jpg\" data-thumb=\"https:\/\/freundeskreis-amici-bruchsal-heidelsheim-volterra.eu\/wp-content\/uploads\/2022\/08\/GOe_Wo_markt-BR-03386-75x50_c.jpg\" data-title=\"G&Ouml;_Wo_markt-BR-03386\" data-envirabox='606' itemprop=\"contentUrl\"><img loading=\"lazy\" decoding=\"async\" src=\"https:\/\/freundeskreis-amici-bruchsal-heidelsheim-volterra.eu\/wp-content\/uploads\/2022\/08\/GOe_Wo_markt-BR-03386-1024x683.jpg\" alt=\"Wochenmarkt\" class=\"envira-gallery-image envira-gallery-image-9    envira-lazy\" height=\"480\" id=\"envira-gallery-image-627\" srcset=\"data:image\/gif;base64,R0lGODlhAQABAIAAAP\/\/\/\/\/\/\/yH5BAEKAAEALAAAAAABAAEAAAICTAEAOw==\" tabindex=\"-1\" title=\"G\u00d6_Wo_markt-BR-03386\" width=\"640\" data-caption=\"Wochenmarkt\" data-envira-gallery-id=\"606\" data-envira-index=\"8\" data-envira-item-id=\"627\" data-envira-src=\"https:\/\/freundeskreis-amici-bruchsal-heidelsheim-volterra.eu\/wp-content\/uploads\/2022\/08\/GOe_Wo_markt-BR-03386-1024x683.jpg\" data-envira-srcset=\"https:\/\/freundeskreis-amici-bruchsal-heidelsheim-volterra.eu\/wp-content\/uploads\/2022\/08\/GOe_Wo_markt-BR-03386-1024x683.jpg 400w, https:\/\/freundeskreis-amici-bruchsal-heidelsheim-volterra.eu\/wp-content\/uploads\/2022\/08\/GOe_Wo_markt-BR-03386-1024x683.jpg 2x\" data-title=\"G&Ouml;_Wo_markt-BR-03386\" itemprop=\"thumbnailUrl\"  draggable=\"false\" onmousedown=\"event.preventDefault()\"  data-no-lazy=\"1\"  data-envirabox=\"606\" data-automatic-caption=\"\" data-envira-height=\"200\" data-envira-width=\"300\" \/><\/a><\/div><\/div><div id=\"envira-gallery-item-629\" class=\"envira-gallery-item envira-gallery-item-10 envira-lazy-load\" style=\"padding-left: 1px; padding-bottom: 1px; padding-right: 1px;\"  itemscope itemtype=\"https:\/\/schema.org\/ImageObject\"><div class=\"envira-gallery-item-inner\"><div class=\"envira-gallery-position-overlay envira-gallery-top-left\"><\/div><div class=\"envira-gallery-position-overlay envira-gallery-top-right\"><\/div><div class=\"envira-gallery-position-overlay envira-gallery-bottom-left\"><\/div><div class=\"envira-gallery-position-overlay envira-gallery-bottom-right\"><\/div><a class=\"envira-gallery-606 envira-gallery-link\" href=\"https:\/\/freundeskreis-amici-bruchsal-heidelsheim-volterra.eu\/wp-content\/uploads\/2022\/08\/GOe_Wo_markt-BR-03398.jpg\" title=\"G\u00d6_Wo_markt-BR-03398\" data-caption=\"Marktplatz\" data-envira-item-id=\"629\" data-envira-retina=\"https:\/\/freundeskreis-amici-bruchsal-heidelsheim-volterra.eu\/wp-content\/uploads\/2022\/08\/GOe_Wo_markt-BR-03398.jpg\" data-thumb=\"https:\/\/freundeskreis-amici-bruchsal-heidelsheim-volterra.eu\/wp-content\/uploads\/2022\/08\/GOe_Wo_markt-BR-03398-75x50_c.jpg\" data-title=\"G&Ouml;_Wo_markt-BR-03398\" data-envirabox='606' itemprop=\"contentUrl\"><img loading=\"lazy\" decoding=\"async\" src=\"https:\/\/freundeskreis-amici-bruchsal-heidelsheim-volterra.eu\/wp-content\/uploads\/2022\/08\/GOe_Wo_markt-BR-03398-1024x682.jpg\" alt=\"Marktplatz\" class=\"envira-gallery-image envira-gallery-image-10    envira-lazy\" height=\"480\" id=\"envira-gallery-image-629\" srcset=\"data:image\/gif;base64,R0lGODlhAQABAIAAAP\/\/\/\/\/\/\/yH5BAEKAAEALAAAAAABAAEAAAICTAEAOw==\" tabindex=\"-1\" title=\"G\u00d6_Wo_markt-BR-03398\" width=\"640\" data-caption=\"Marktplatz\" data-envira-gallery-id=\"606\" data-envira-index=\"9\" data-envira-item-id=\"629\" data-envira-src=\"https:\/\/freundeskreis-amici-bruchsal-heidelsheim-volterra.eu\/wp-content\/uploads\/2022\/08\/GOe_Wo_markt-BR-03398-1024x682.jpg\" data-envira-srcset=\"https:\/\/freundeskreis-amici-bruchsal-heidelsheim-volterra.eu\/wp-content\/uploads\/2022\/08\/GOe_Wo_markt-BR-03398-1024x682.jpg 400w, https:\/\/freundeskreis-amici-bruchsal-heidelsheim-volterra.eu\/wp-content\/uploads\/2022\/08\/GOe_Wo_markt-BR-03398-1024x682.jpg 2x\" data-title=\"G&Ouml;_Wo_markt-BR-03398\" itemprop=\"thumbnailUrl\"  draggable=\"false\" onmousedown=\"event.preventDefault()\"  data-no-lazy=\"1\"  data-envirabox=\"606\" data-automatic-caption=\"\" data-envira-height=\"200\" data-envira-width=\"300\" \/><\/a><\/div><\/div><div id=\"envira-gallery-item-723\" class=\"envira-gallery-item envira-gallery-item-11 envira-lazy-load\" style=\"padding-left: 1px; padding-bottom: 1px; padding-right: 1px;\"  itemscope itemtype=\"https:\/\/schema.org\/ImageObject\"><div class=\"envira-gallery-item-inner\"><div class=\"envira-gallery-position-overlay envira-gallery-top-left\"><\/div><div class=\"envira-gallery-position-overlay envira-gallery-top-right\"><\/div><div class=\"envira-gallery-position-overlay envira-gallery-bottom-left\"><\/div><div class=\"envira-gallery-position-overlay envira-gallery-bottom-right\"><\/div><a class=\"envira-gallery-606 envira-gallery-link\" href=\"https:\/\/freundeskreis-amici-bruchsal-heidelsheim-volterra.eu\/wp-content\/uploads\/2022\/08\/2017_05-Ste-Menu_PL039KM__0131-scaled.jpg\" title=\"2017_05 Ste-Menu_PL039KM__0131\" data-caption=\"Sainte-M&eacute;nehould-Platz\" data-envira-item-id=\"723\" data-envira-retina=\"https:\/\/freundeskreis-amici-bruchsal-heidelsheim-volterra.eu\/wp-content\/uploads\/2022\/08\/2017_05-Ste-Menu_PL039KM__0131-scaled.jpg\" data-thumb=\"https:\/\/freundeskreis-amici-bruchsal-heidelsheim-volterra.eu\/wp-content\/uploads\/2022\/08\/2017_05-Ste-Menu_PL039KM__0131-scaled-75x50_c.jpg\" data-title=\"2017_05 Ste-Menu_PL039KM__0131\" data-envirabox='606' itemprop=\"contentUrl\"><img loading=\"lazy\" decoding=\"async\" src=\"https:\/\/freundeskreis-amici-bruchsal-heidelsheim-volterra.eu\/wp-content\/uploads\/2022\/08\/2017_05-Ste-Menu_PL039KM__0131-scaled.jpg\" alt=\"\" class=\"envira-gallery-image envira-gallery-image-11    envira-lazy\" height=\"480\" id=\"envira-gallery-image-723\" srcset=\"data:image\/gif;base64,R0lGODlhAQABAIAAAP\/\/\/\/\/\/\/yH5BAEKAAEALAAAAAABAAEAAAICTAEAOw==\" tabindex=\"-1\" title=\"2017_05 Ste-Menu_PL039KM__0131\" width=\"640\" data-caption=\"Sainte-M&eacute;nehould-Platz\" data-envira-gallery-id=\"606\" data-envira-index=\"10\" data-envira-item-id=\"723\" data-envira-src=\"https:\/\/freundeskreis-amici-bruchsal-heidelsheim-volterra.eu\/wp-content\/uploads\/2022\/08\/2017_05-Ste-Menu_PL039KM__0131-scaled.jpg\" data-envira-srcset=\"https:\/\/freundeskreis-amici-bruchsal-heidelsheim-volterra.eu\/wp-content\/uploads\/2022\/08\/2017_05-Ste-Menu_PL039KM__0131-scaled.jpg 400w, https:\/\/freundeskreis-amici-bruchsal-heidelsheim-volterra.eu\/wp-content\/uploads\/2022\/08\/2017_05-Ste-Menu_PL039KM__0131-scaled.jpg 2x\" data-title=\"2017_05 Ste-Menu_PL039KM__0131\" itemprop=\"thumbnailUrl\"  draggable=\"false\" onmousedown=\"event.preventDefault()\"  data-no-lazy=\"1\"  data-envirabox=\"606\" data-automatic-caption=\"\" data-envira-height=\"\" data-envira-width=\"\" \/><\/a><\/div><\/div><div id=\"envira-gallery-item-617\" class=\"envira-gallery-item envira-gallery-item-12 envira-lazy-load\" style=\"padding-left: 1px; padding-bottom: 1px; padding-right: 1px;\"  itemscope itemtype=\"https:\/\/schema.org\/ImageObject\"><div class=\"envira-gallery-item-inner\"><div class=\"envira-gallery-position-overlay envira-gallery-top-left\"><\/div><div class=\"envira-gallery-position-overlay envira-gallery-top-right\"><\/div><div class=\"envira-gallery-position-overlay envira-gallery-bottom-left\"><\/div><div class=\"envira-gallery-position-overlay envira-gallery-bottom-right\"><\/div><a class=\"envira-gallery-606 envira-gallery-link\" href=\"https:\/\/freundeskreis-amici-bruchsal-heidelsheim-volterra.eu\/wp-content\/uploads\/2022\/08\/GOe_EUR_Platz-01026.jpg\" title=\"G\u00d6_EUR_Platz-01026\" data-caption=\"Europaplatz\" data-envira-item-id=\"617\" data-envira-retina=\"https:\/\/freundeskreis-amici-bruchsal-heidelsheim-volterra.eu\/wp-content\/uploads\/2022\/08\/GOe_EUR_Platz-01026.jpg\" data-thumb=\"https:\/\/freundeskreis-amici-bruchsal-heidelsheim-volterra.eu\/wp-content\/uploads\/2022\/08\/GOe_EUR_Platz-01026-75x50_c.jpg\" data-title=\"G&Ouml;_EUR_Platz-01026\" data-envirabox='606' itemprop=\"contentUrl\"><img loading=\"lazy\" decoding=\"async\" src=\"https:\/\/freundeskreis-amici-bruchsal-heidelsheim-volterra.eu\/wp-content\/uploads\/2022\/08\/GOe_EUR_Platz-01026-1024x683.jpg\" alt=\"Europaplatz\" class=\"envira-gallery-image envira-gallery-image-12    envira-lazy\" height=\"480\" id=\"envira-gallery-image-617\" srcset=\"data:image\/gif;base64,R0lGODlhAQABAIAAAP\/\/\/\/\/\/\/yH5BAEKAAEALAAAAAABAAEAAAICTAEAOw==\" tabindex=\"-1\" title=\"G\u00d6_EUR_Platz-01026\" width=\"640\" data-caption=\"Europaplatz\" data-envira-gallery-id=\"606\" data-envira-index=\"11\" data-envira-item-id=\"617\" data-envira-src=\"https:\/\/freundeskreis-amici-bruchsal-heidelsheim-volterra.eu\/wp-content\/uploads\/2022\/08\/GOe_EUR_Platz-01026-1024x683.jpg\" data-envira-srcset=\"https:\/\/freundeskreis-amici-bruchsal-heidelsheim-volterra.eu\/wp-content\/uploads\/2022\/08\/GOe_EUR_Platz-01026-1024x683.jpg 400w, https:\/\/freundeskreis-amici-bruchsal-heidelsheim-volterra.eu\/wp-content\/uploads\/2022\/08\/GOe_EUR_Platz-01026-1024x683.jpg 2x\" data-title=\"G&Ouml;_EUR_Platz-01026\" itemprop=\"thumbnailUrl\"  draggable=\"false\" onmousedown=\"event.preventDefault()\"  data-no-lazy=\"1\"  data-envirabox=\"606\" data-automatic-caption=\"\" data-envira-height=\"200\" data-envira-width=\"300\" \/><\/a><\/div><\/div><div id=\"envira-gallery-item-1375\" class=\"envira-gallery-item envira-gallery-item-13 envira-lazy-load\" style=\"padding-left: 1px; padding-bottom: 1px; padding-right: 1px;\"  itemscope itemtype=\"https:\/\/schema.org\/ImageObject\"><div class=\"envira-gallery-item-inner\"><div class=\"envira-gallery-position-overlay envira-gallery-top-left\"><\/div><div class=\"envira-gallery-position-overlay envira-gallery-top-right\"><\/div><div class=\"envira-gallery-position-overlay envira-gallery-bottom-left\"><\/div><div class=\"envira-gallery-position-overlay envira-gallery-bottom-right\"><\/div><a class=\"envira-gallery-606 envira-gallery-link\" href=\"https:\/\/freundeskreis-amici-bruchsal-heidelsheim-volterra.eu\/wp-content\/uploads\/2022\/12\/Bruchsal_Bruchsal_Golfplatz_GO_01-02484-scaled.jpg\" title=\"Bruchsal_Bruchsal_Golfplatz_GO_01-02484\" data-caption=\"Golfplatz Bruchsal\" data-envira-item-id=\"1375\" data-envira-retina=\"https:\/\/freundeskreis-amici-bruchsal-heidelsheim-volterra.eu\/wp-content\/uploads\/2022\/12\/Bruchsal_Bruchsal_Golfplatz_GO_01-02484-scaled.jpg\" data-thumb=\"https:\/\/freundeskreis-amici-bruchsal-heidelsheim-volterra.eu\/wp-content\/uploads\/2022\/12\/Bruchsal_Bruchsal_Golfplatz_GO_01-02484-scaled-75x50_c.jpg\" data-title=\"Bruchsal_Bruchsal_Golfplatz_GO_01-02484\" data-envirabox='606' itemprop=\"contentUrl\"><img loading=\"lazy\" decoding=\"async\" src=\"https:\/\/freundeskreis-amici-bruchsal-heidelsheim-volterra.eu\/wp-content\/uploads\/2022\/12\/Bruchsal_Bruchsal_Golfplatz_GO_01-02484-scaled.jpg\" alt=\"\" class=\"envira-gallery-image envira-gallery-image-13    envira-lazy\" height=\"480\" id=\"envira-gallery-image-1375\" srcset=\"data:image\/gif;base64,R0lGODlhAQABAIAAAP\/\/\/\/\/\/\/yH5BAEKAAEALAAAAAABAAEAAAICTAEAOw==\" tabindex=\"-1\" title=\"Bruchsal_Bruchsal_Golfplatz_GO_01-02484\" width=\"640\" data-caption=\"Golfplatz Bruchsal\" data-envira-gallery-id=\"606\" data-envira-index=\"12\" data-envira-item-id=\"1375\" data-envira-src=\"https:\/\/freundeskreis-amici-bruchsal-heidelsheim-volterra.eu\/wp-content\/uploads\/2022\/12\/Bruchsal_Bruchsal_Golfplatz_GO_01-02484-scaled.jpg\" data-envira-srcset=\"https:\/\/freundeskreis-amici-bruchsal-heidelsheim-volterra.eu\/wp-content\/uploads\/2022\/12\/Bruchsal_Bruchsal_Golfplatz_GO_01-02484-scaled.jpg 400w, https:\/\/freundeskreis-amici-bruchsal-heidelsheim-volterra.eu\/wp-content\/uploads\/2022\/12\/Bruchsal_Bruchsal_Golfplatz_GO_01-02484-scaled.jpg 2x\" data-title=\"Bruchsal_Bruchsal_Golfplatz_GO_01-02484\" itemprop=\"thumbnailUrl\"  draggable=\"false\" onmousedown=\"event.preventDefault()\"  data-no-lazy=\"1\"  data-envirabox=\"606\" data-automatic-caption=\"\" data-envira-height=\"\" data-envira-width=\"\" \/><\/a><\/div><\/div><div id=\"envira-gallery-item-1377\" class=\"envira-gallery-item envira-gallery-item-14 envira-lazy-load\" style=\"padding-left: 1px; padding-bottom: 1px; padding-right: 1px;\"  itemscope itemtype=\"https:\/\/schema.org\/ImageObject\"><div class=\"envira-gallery-item-inner\"><div class=\"envira-gallery-position-overlay envira-gallery-top-left\"><\/div><div class=\"envira-gallery-position-overlay envira-gallery-top-right\"><\/div><div class=\"envira-gallery-position-overlay envira-gallery-bottom-left\"><\/div><div class=\"envira-gallery-position-overlay envira-gallery-bottom-right\"><\/div><a class=\"envira-gallery-606 envira-gallery-link\" href=\"https:\/\/freundeskreis-amici-bruchsal-heidelsheim-volterra.eu\/wp-content\/uploads\/2022\/12\/Bruchsal_Bruchsal_Golfplatz_GO_01-02488-scaled.jpg\" title=\"Bruchsal_Bruchsal_Golfplatz_GO_01-02488\" data-caption=\"Golfplatz Bruchsal\" data-envira-item-id=\"1377\" data-envira-retina=\"https:\/\/freundeskreis-amici-bruchsal-heidelsheim-volterra.eu\/wp-content\/uploads\/2022\/12\/Bruchsal_Bruchsal_Golfplatz_GO_01-02488-scaled.jpg\" data-thumb=\"https:\/\/freundeskreis-amici-bruchsal-heidelsheim-volterra.eu\/wp-content\/uploads\/2022\/12\/Bruchsal_Bruchsal_Golfplatz_GO_01-02488-scaled-75x50_c.jpg\" data-title=\"Bruchsal_Bruchsal_Golfplatz_GO_01-02488\" data-envirabox='606' itemprop=\"contentUrl\"><img loading=\"lazy\" decoding=\"async\" src=\"https:\/\/freundeskreis-amici-bruchsal-heidelsheim-volterra.eu\/wp-content\/uploads\/2022\/12\/Bruchsal_Bruchsal_Golfplatz_GO_01-02488-scaled.jpg\" alt=\"\" class=\"envira-gallery-image envira-gallery-image-14    envira-lazy\" height=\"480\" id=\"envira-gallery-image-1377\" srcset=\"data:image\/gif;base64,R0lGODlhAQABAIAAAP\/\/\/\/\/\/\/yH5BAEKAAEALAAAAAABAAEAAAICTAEAOw==\" tabindex=\"-1\" title=\"Bruchsal_Bruchsal_Golfplatz_GO_01-02488\" width=\"640\" data-caption=\"Golfplatz Bruchsal\" data-envira-gallery-id=\"606\" data-envira-index=\"13\" data-envira-item-id=\"1377\" data-envira-src=\"https:\/\/freundeskreis-amici-bruchsal-heidelsheim-volterra.eu\/wp-content\/uploads\/2022\/12\/Bruchsal_Bruchsal_Golfplatz_GO_01-02488-scaled.jpg\" data-envira-srcset=\"https:\/\/freundeskreis-amici-bruchsal-heidelsheim-volterra.eu\/wp-content\/uploads\/2022\/12\/Bruchsal_Bruchsal_Golfplatz_GO_01-02488-scaled.jpg 400w, https:\/\/freundeskreis-amici-bruchsal-heidelsheim-volterra.eu\/wp-content\/uploads\/2022\/12\/Bruchsal_Bruchsal_Golfplatz_GO_01-02488-scaled.jpg 2x\" data-title=\"Bruchsal_Bruchsal_Golfplatz_GO_01-02488\" itemprop=\"thumbnailUrl\"  draggable=\"false\" onmousedown=\"event.preventDefault()\"  data-no-lazy=\"1\"  data-envirabox=\"606\" data-automatic-caption=\"\" data-envira-height=\"\" data-envira-width=\"\" \/><\/a><\/div><\/div><div id=\"envira-gallery-item-1379\" class=\"envira-gallery-item envira-gallery-item-15 envira-lazy-load\" style=\"padding-left: 1px; padding-bottom: 1px; padding-right: 1px;\"  itemscope itemtype=\"https:\/\/schema.org\/ImageObject\"><div class=\"envira-gallery-item-inner\"><div class=\"envira-gallery-position-overlay envira-gallery-top-left\"><\/div><div class=\"envira-gallery-position-overlay envira-gallery-top-right\"><\/div><div class=\"envira-gallery-position-overlay envira-gallery-bottom-left\"><\/div><div class=\"envira-gallery-position-overlay envira-gallery-bottom-right\"><\/div><a class=\"envira-gallery-606 envira-gallery-link\" href=\"https:\/\/freundeskreis-amici-bruchsal-heidelsheim-volterra.eu\/wp-content\/uploads\/2022\/12\/Bruchsal_Bruchsal_LandesFeuerwehrSchule_GO_01-3767-scaled.jpg\" title=\"Bruchsal_Bruchsal_LandesFeuerwehrSchule_GO_01-3767\" data-caption=\"Landes-Feuerwehrschule\" data-envira-item-id=\"1379\" data-envira-retina=\"https:\/\/freundeskreis-amici-bruchsal-heidelsheim-volterra.eu\/wp-content\/uploads\/2022\/12\/Bruchsal_Bruchsal_LandesFeuerwehrSchule_GO_01-3767-scaled.jpg\" data-thumb=\"https:\/\/freundeskreis-amici-bruchsal-heidelsheim-volterra.eu\/wp-content\/uploads\/2022\/12\/Bruchsal_Bruchsal_LandesFeuerwehrSchule_GO_01-3767-scaled-75x50_c.jpg\" data-title=\"Bruchsal_Bruchsal_LandesFeuerwehrSchule_GO_01-3767\" data-envirabox='606' itemprop=\"contentUrl\"><img loading=\"lazy\" decoding=\"async\" src=\"https:\/\/freundeskreis-amici-bruchsal-heidelsheim-volterra.eu\/wp-content\/uploads\/2022\/12\/Bruchsal_Bruchsal_LandesFeuerwehrSchule_GO_01-3767-scaled.jpg\" alt=\"\" class=\"envira-gallery-image envira-gallery-image-15    envira-lazy\" height=\"480\" id=\"envira-gallery-image-1379\" srcset=\"data:image\/gif;base64,R0lGODlhAQABAIAAAP\/\/\/\/\/\/\/yH5BAEKAAEALAAAAAABAAEAAAICTAEAOw==\" tabindex=\"-1\" title=\"Bruchsal_Bruchsal_LandesFeuerwehrSchule_GO_01-3767\" width=\"640\" data-caption=\"Landes-Feuerwehrschule\" data-envira-gallery-id=\"606\" data-envira-index=\"14\" data-envira-item-id=\"1379\" data-envira-src=\"https:\/\/freundeskreis-amici-bruchsal-heidelsheim-volterra.eu\/wp-content\/uploads\/2022\/12\/Bruchsal_Bruchsal_LandesFeuerwehrSchule_GO_01-3767-scaled.jpg\" data-envira-srcset=\"https:\/\/freundeskreis-amici-bruchsal-heidelsheim-volterra.eu\/wp-content\/uploads\/2022\/12\/Bruchsal_Bruchsal_LandesFeuerwehrSchule_GO_01-3767-scaled.jpg 400w, https:\/\/freundeskreis-amici-bruchsal-heidelsheim-volterra.eu\/wp-content\/uploads\/2022\/12\/Bruchsal_Bruchsal_LandesFeuerwehrSchule_GO_01-3767-scaled.jpg 2x\" data-title=\"Bruchsal_Bruchsal_LandesFeuerwehrSchule_GO_01-3767\" itemprop=\"thumbnailUrl\"  draggable=\"false\" onmousedown=\"event.preventDefault()\"  data-no-lazy=\"1\"  data-envirabox=\"606\" data-automatic-caption=\"\" data-envira-height=\"\" data-envira-width=\"\" \/><\/a><\/div><\/div><\/div><\/div><noscript><img data-no-lazy=\"1\"  src='https:\/\/freundeskreis-amici-bruchsal-heidelsheim-volterra.eu\/wp-content\/uploads\/2022\/08\/20170506Rathaus_Kirche-Oefner1353.jpg' alt='Rathaus' class='envira_noscript_images ' \/><img data-no-lazy=\"1\"  src='https:\/\/freundeskreis-amici-bruchsal-heidelsheim-volterra.eu\/wp-content\/uploads\/2022\/08\/20190428GOe_Schloss_BR001GOe_SVADSC08903-Bearbeitet.jpg' alt='Schloss' class='envira_noscript_images ' \/><img data-no-lazy=\"1\"  src='https:\/\/freundeskreis-amici-bruchsal-heidelsheim-volterra.eu\/wp-content\/uploads\/2022\/08\/GOe_Belveder-0145.jpg' alt='Belvedere' class='envira_noscript_images ' \/><img data-no-lazy=\"1\"  src='https:\/\/freundeskreis-amici-bruchsal-heidelsheim-volterra.eu\/wp-content\/uploads\/2022\/08\/GOe_Buergerpark-0383.jpg' alt='B\u00fcrgerpark, Skulptur St\u00e4dtefreundschaft' class='envira_noscript_images ' \/><img data-no-lazy=\"1\"  src='https:\/\/freundeskreis-amici-bruchsal-heidelsheim-volterra.eu\/wp-content\/uploads\/2022\/08\/GOe_Buergerpark-0389.jpg' alt='Bergfried' class='envira_noscript_images ' \/><img data-no-lazy=\"1\"  src='https:\/\/freundeskreis-amici-bruchsal-heidelsheim-volterra.eu\/wp-content\/uploads\/2022\/08\/GOe_Neue-Feuerwehr-1532.jpg' alt='Feuerwehrschule' class='envira_noscript_images ' \/><img data-no-lazy=\"1\"  src='https:\/\/freundeskreis-amici-bruchsal-heidelsheim-volterra.eu\/wp-content\/uploads\/2022\/08\/GOe_Peterskirche-Bruchsal-0511.jpg' alt='Kirche St. Peter' class='envira_noscript_images ' \/><img data-no-lazy=\"1\"  src='https:\/\/freundeskreis-amici-bruchsal-heidelsheim-volterra.eu\/wp-content\/uploads\/2022\/08\/GOe_Saalbachbruecke-.jpg' alt='Saalbach-Br\u00fccke' class='envira_noscript_images ' \/><img data-no-lazy=\"1\"  src='https:\/\/freundeskreis-amici-bruchsal-heidelsheim-volterra.eu\/wp-content\/uploads\/2022\/08\/GOe_Wo_markt-BR-03386.jpg' alt='Wochenmarkt' class='envira_noscript_images ' \/><img data-no-lazy=\"1\"  src='https:\/\/freundeskreis-amici-bruchsal-heidelsheim-volterra.eu\/wp-content\/uploads\/2022\/08\/GOe_Wo_markt-BR-03398.jpg' alt='Marktplatz' class='envira_noscript_images ' \/><img data-no-lazy=\"1\"  src='https:\/\/freundeskreis-amici-bruchsal-heidelsheim-volterra.eu\/wp-content\/uploads\/2022\/08\/2017_05-Ste-Menu_PL039KM__0131-scaled.jpg' alt='' class='envira_noscript_images ' \/><img data-no-lazy=\"1\"  src='https:\/\/freundeskreis-amici-bruchsal-heidelsheim-volterra.eu\/wp-content\/uploads\/2022\/08\/GOe_EUR_Platz-01026.jpg' alt='Europaplatz' class='envira_noscript_images ' \/><img data-no-lazy=\"1\"  src='https:\/\/freundeskreis-amici-bruchsal-heidelsheim-volterra.eu\/wp-content\/uploads\/2022\/12\/Bruchsal_Bruchsal_Golfplatz_GO_01-02484-scaled.jpg' alt='' class='envira_noscript_images ' \/><img data-no-lazy=\"1\"  src='https:\/\/freundeskreis-amici-bruchsal-heidelsheim-volterra.eu\/wp-content\/uploads\/2022\/12\/Bruchsal_Bruchsal_Golfplatz_GO_01-02488-scaled.jpg' alt='' class='envira_noscript_images ' \/><img data-no-lazy=\"1\"  src='https:\/\/freundeskreis-amici-bruchsal-heidelsheim-volterra.eu\/wp-content\/uploads\/2022\/12\/Bruchsal_Bruchsal_LandesFeuerwehrSchule_GO_01-3767-scaled.jpg' alt='' class='envira_noscript_images ' \/><\/noscript><\/div>\n\n\n\n<p>Information \u00fcber Bruchsal: <a href=\"https:\/\/bruchsal.de\" target=\"_blank\" rel=\"noreferrer noopener\">https:\/\/bruchsal.de<\/a><\/p>\n\n\n\n<p>Tourist-Information: <a href=\"https:\/\/bruchsal-erleben.de\" target=\"_blank\" rel=\"noreferrer noopener\">https:\/\/bruchsal-erleben.de<\/a><\/p>\n\n\n\n<p><\/p>\n","protected":false},"excerpt":{"rendered":"<p>Information \u00fcber Bruchsal: https:\/\/bruchsal.de Tourist-Information: https:\/\/bruchsal-erleben.de<\/p>\n","protected":false},"author":1,"featured_media":0,"parent":0,"menu_order":0,"comment_status":"closed","ping_status":"closed","template":"","meta":{"_acf_changed":false,"footnotes":""},"class_list":["post-2804","page","type-page","status-publish"],"acf":[],"rankMath":{"parentDomain":"freundeskreis-amici-bruchsal-heidelsheim-volterra.eu","noFollowDomains":[],"noFollowExcludeDomains":[],"noFollowExternalLinks":false,"featuredImageNotice":"L&#039;immagine in evidenza dovrebbe essere di almeno 200 x 200 pixel per essere ripresa da Facebook e altri siti di social media.","pluginReviewed":true,"postSettings":{"linkSuggestions":true,"useFocusKeyword":false},"frontEndScore":false,"postName":"bruchsal","permalinkFormat":"https:\/\/freundeskreis-amici-bruchsal-heidelsheim-volterra.eu\/it\/%pagename%\/","showLockModifiedDate":true,"assessor":{"focusKeywordLink":"https:\/\/freundeskreis-amici-bruchsal-heidelsheim-volterra.eu\/wp-admin\/edit.php?focus_keyword=%focus_keyword%&post_type=%post_type%","hasTOCPlugin":true,"primaryTaxonomy":false,"serpData":{"title":"","description":"","focusKeywords":"","pillarContent":false,"canonicalUrl":"","breadcrumbTitle":"","advancedRobots":{"max-snippet":"-1","max-video-preview":"-1","max-image-preview":"large"},"facebookTitle":"","facebookDescription":"","facebookImage":"","facebookImageID":"","facebookHasOverlay":false,"facebookImageOverlay":"","facebookAuthor":"","twitterCardType":"","twitterUseFacebook":true,"twitterTitle":"","twitterDescription":"","twitterImage":"","twitterImageID":"","twitterHasOverlay":false,"twitterImageOverlay":"","twitterPlayerUrl":"","twitterPlayerSize":"","twitterPlayerStream":"","twitterPlayerStreamCtype":"","twitterAppDescription":"","twitterAppIphoneName":"","twitterAppIphoneID":"","twitterAppIphoneUrl":"","twitterAppIpadName":"","twitterAppIpadID":"","twitterAppIpadUrl":"","twitterAppGoogleplayName":"","twitterAppGoogleplayID":"","twitterAppGoogleplayUrl":"","twitterAppCountry":"","robots":{"index":true},"twitterAuthor":"nome utente","primaryTerm":0,"authorName":"vipadesign","titleTemplate":"%title% %sep% %sitename%","descriptionTemplate":"%excerpt%","showScoreFrontend":true,"lockModifiedDate":false},"powerWords":["incredibile","sorprendente","meraviglioso","unico","bello","felicit\u00e0","brillante","affascinante","carismatico","scioccante","chiaro","completamente","riservato","fiducia","significativo","creativo","definitivamente","delizioso","dimostrare","sbrigati","determinato","degno","dinamico","impressionante","essenziale","ispiratore","innovativo","intenso","efficace","magico","magnifico","storico","importante","incredibile","indispensabile","indimenticabile","irresistibile","leggendario","luminoso","lusso","magico","magnifico","maestoso","memorabile","miracoloso","motivante","necessario","nuovo","ufficiale","perfetto","appassionato","persuasivo","fenomenale","piacere","popolare","potere","prestigioso","prodigioso","profondo","prospero","potente","qualit\u00e0","radiante","veloce","di successo","rivoluzionario","soddisfatto","sicurezza","sensazionale","sereno","lussuoso","splendido","sublime","sorprendente","talentuoso","terrificante","unico","valore","vibrante","vittorioso","vivace","veramente","zelante","autentico","avventuroso","spettacolare","esclusivo","garantito","straordinario","favoloso","affascinante","formidabile","geniale","grandioso","gratuito","abile","illimitato","impeccabile","infallibile","infinitamente","influente","ingegnoso","indimenticabile","insostituibile","leader","maestro","notevole","innovativo","pioniere","potente","riconosciuto","rivoluzionario","sorprendente","superiore","trionfante","ultra","coraggioso","prezioso","avanguardia","vigoroso","visionario","volont\u00e0","vitale","trionfo","glorioso","inarrestabile","ineguagliabile","intelligente","invincibile","libert\u00e0","orgoglio","pace","progresso","rinnovato","saggezza","soddisfazione","sicuro","serenit\u00e0","superamento","talento","trascendente","trasformativo","coraggio","vittoria"],"diacritics":{"A":"[\\u0041\\u24B6\\uFF21\\u00C0\\u00C1\\u00C2\\u1EA6\\u1EA4\\u1EAA\\u1EA8\\u00C3\\u0100\\u0102\\u1EB0\\u1EAE\\u1EB4\\u1EB2\\u0226\\u01E0\\u00C4\\u01DE\\u1EA2\\u00C5\\u01FA\\u01CD\\u0200\\u0202\\u1EA0\\u1EAC\\u1EB6\\u1E00\\u0104\\u023A\\u2C6F]","AA":"[\\uA732]","AE":"[\\u00C6\\u01FC\\u01E2]","AO":"[\\uA734]","AU":"[\\uA736]","AV":"[\\uA738\\uA73A]","AY":"[\\uA73C]","B":"[\\u0042\\u24B7\\uFF22\\u1E02\\u1E04\\u1E06\\u0243\\u0182\\u0181]","C":"[\\u0043\\u24B8\\uFF23\\u0106\\u0108\\u010A\\u010C\\u00C7\\u1E08\\u0187\\u023B\\uA73E]","D":"[\\u0044\\u24B9\\uFF24\\u1E0A\\u010E\\u1E0C\\u1E10\\u1E12\\u1E0E\\u0110\\u018B\\u018A\\u0189\\uA779]","DZ":"[\\u01F1\\u01C4]","Dz":"[\\u01F2\\u01C5]","E":"[\\u0045\\u24BA\\uFF25\\u00C8\\u00C9\\u00CA\\u1EC0\\u1EBE\\u1EC4\\u1EC2\\u1EBC\\u0112\\u1E14\\u1E16\\u0114\\u0116\\u00CB\\u1EBA\\u011A\\u0204\\u0206\\u1EB8\\u1EC6\\u0228\\u1E1C\\u0118\\u1E18\\u1E1A\\u0190\\u018E]","F":"[\\u0046\\u24BB\\uFF26\\u1E1E\\u0191\\uA77B]","G":"[\\u0047\\u24BC\\uFF27\\u01F4\\u011C\\u1E20\\u011E\\u0120\\u01E6\\u0122\\u01E4\\u0193\\uA7A0\\uA77D\\uA77E]","H":"[\\u0048\\u24BD\\uFF28\\u0124\\u1E22\\u1E26\\u021E\\u1E24\\u1E28\\u1E2A\\u0126\\u2C67\\u2C75\\uA78D]","I":"[\\u0049\\u24BE\\uFF29\\u00CC\\u00CD\\u00CE\\u0128\\u012A\\u012C\\u0130\\u00CF\\u1E2E\\u1EC8\\u01CF\\u0208\\u020A\\u1ECA\\u012E\\u1E2C\\u0197]","J":"[\\u004A\\u24BF\\uFF2A\\u0134\\u0248]","K":"[\\u004B\\u24C0\\uFF2B\\u1E30\\u01E8\\u1E32\\u0136\\u1E34\\u0198\\u2C69\\uA740\\uA742\\uA744\\uA7A2]","L":"[\\u004C\\u24C1\\uFF2C\\u013F\\u0139\\u013D\\u1E36\\u1E38\\u013B\\u1E3C\\u1E3A\\u0141\\u023D\\u2C62\\u2C60\\uA748\\uA746\\uA780]","LJ":"[\\u01C7]","Lj":"[\\u01C8]","M":"[\\u004D\\u24C2\\uFF2D\\u1E3E\\u1E40\\u1E42\\u2C6E\\u019C]","N":"[\\u004E\\u24C3\\uFF2E\\u01F8\\u0143\\u00D1\\u1E44\\u0147\\u1E46\\u0145\\u1E4A\\u1E48\\u0220\\u019D\\uA790\\uA7A4]","NJ":"[\\u01CA]","Nj":"[\\u01CB]","O":"[\\u004F\\u24C4\\uFF2F\\u00D2\\u00D3\\u00D4\\u1ED2\\u1ED0\\u1ED6\\u1ED4\\u00D5\\u1E4C\\u022C\\u1E4E\\u014C\\u1E50\\u1E52\\u014E\\u022E\\u0230\\u00D6\\u022A\\u1ECE\\u0150\\u01D1\\u020C\\u020E\\u01A0\\u1EDC\\u1EDA\\u1EE0\\u1EDE\\u1EE2\\u1ECC\\u1ED8\\u01EA\\u01EC\\u00D8\\u01FE\\u0186\\u019F\\uA74A\\uA74C]","OI":"[\\u01A2]","OO":"[\\uA74E]","OU":"[\\u0222]","P":"[\\u0050\\u24C5\\uFF30\\u1E54\\u1E56\\u01A4\\u2C63\\uA750\\uA752\\uA754]","Q":"[\\u0051\\u24C6\\uFF31\\uA756\\uA758\\u024A]","R":"[\\u0052\\u24C7\\uFF32\\u0154\\u1E58\\u0158\\u0210\\u0212\\u1E5A\\u1E5C\\u0156\\u1E5E\\u024C\\u2C64\\uA75A\\uA7A6\\uA782]","S":"[\\u0053\\u24C8\\uFF33\\u1E9E\\u015A\\u1E64\\u015C\\u1E60\\u0160\\u1E66\\u1E62\\u1E68\\u0218\\u015E\\u2C7E\\uA7A8\\uA784]","T":"[\\u0054\\u24C9\\uFF34\\u1E6A\\u0164\\u1E6C\\u021A\\u0162\\u1E70\\u1E6E\\u0166\\u01AC\\u01AE\\u023E\\uA786]","TZ":"[\\uA728]","U":"[\\u0055\\u24CA\\uFF35\\u00D9\\u00DA\\u00DB\\u0168\\u1E78\\u016A\\u1E7A\\u016C\\u00DC\\u01DB\\u01D7\\u01D5\\u01D9\\u1EE6\\u016E\\u0170\\u01D3\\u0214\\u0216\\u01AF\\u1EEA\\u1EE8\\u1EEE\\u1EEC\\u1EF0\\u1EE4\\u1E72\\u0172\\u1E76\\u1E74\\u0244]","V":"[\\u0056\\u24CB\\uFF36\\u1E7C\\u1E7E\\u01B2\\uA75E\\u0245]","VY":"[\\uA760]","W":"[\\u0057\\u24CC\\uFF37\\u1E80\\u1E82\\u0174\\u1E86\\u1E84\\u1E88\\u2C72]","X":"[\\u0058\\u24CD\\uFF38\\u1E8A\\u1E8C]","Y":"[\\u0059\\u24CE\\uFF39\\u1EF2\\u00DD\\u0176\\u1EF8\\u0232\\u1E8E\\u0178\\u1EF6\\u1EF4\\u01B3\\u024E\\u1EFE]","Z":"[\\u005A\\u24CF\\uFF3A\\u0179\\u1E90\\u017B\\u017D\\u1E92\\u1E94\\u01B5\\u0224\\u2C7F\\u2C6B\\uA762]","a":"[\\u0061\\u24D0\\uFF41\\u1E9A\\u00E0\\u00E1\\u00E2\\u1EA7\\u1EA5\\u1EAB\\u1EA9\\u00E3\\u0101\\u0103\\u1EB1\\u1EAF\\u1EB5\\u1EB3\\u0227\\u01E1\\u00E4\\u01DF\\u1EA3\\u00E5\\u01FB\\u01CE\\u0201\\u0203\\u1EA1\\u1EAD\\u1EB7\\u1E01\\u0105\\u2C65\\u0250]","aa":"[\\uA733]","ae":"[\\u00E6\\u01FD\\u01E3]","ao":"[\\uA735]","au":"[\\uA737]","av":"[\\uA739\\uA73B]","ay":"[\\uA73D]","b":"[\\u0062\\u24D1\\uFF42\\u1E03\\u1E05\\u1E07\\u0180\\u0183\\u0253]","c":"[\\u0063\\u24D2\\uFF43\\u0107\\u0109\\u010B\\u010D\\u00E7\\u1E09\\u0188\\u023C\\uA73F\\u2184]","d":"[\\u0064\\u24D3\\uFF44\\u1E0B\\u010F\\u1E0D\\u1E11\\u1E13\\u1E0F\\u0111\\u018C\\u0256\\u0257\\uA77A]","dz":"[\\u01F3\\u01C6]","e":"[\\u0065\\u24D4\\uFF45\\u00E8\\u00E9\\u00EA\\u1EC1\\u1EBF\\u1EC5\\u1EC3\\u1EBD\\u0113\\u1E15\\u1E17\\u0115\\u0117\\u00EB\\u1EBB\\u011B\\u0205\\u0207\\u1EB9\\u1EC7\\u0229\\u1E1D\\u0119\\u1E19\\u1E1B\\u0247\\u025B\\u01DD]","f":"[\\u0066\\u24D5\\uFF46\\u1E1F\\u0192\\uA77C]","g":"[\\u0067\\u24D6\\uFF47\\u01F5\\u011D\\u1E21\\u011F\\u0121\\u01E7\\u0123\\u01E5\\u0260\\uA7A1\\u1D79\\uA77F]","h":"[\\u0068\\u24D7\\uFF48\\u0125\\u1E23\\u1E27\\u021F\\u1E25\\u1E29\\u1E2B\\u1E96\\u0127\\u2C68\\u2C76\\u0265]","hv":"[\\u0195]","i":"[\\u0069\\u24D8\\uFF49\\u00EC\\u00ED\\u00EE\\u0129\\u012B\\u012D\\u00EF\\u1E2F\\u1EC9\\u01D0\\u0209\\u020B\\u1ECB\\u012F\\u1E2D\\u0268\\u0131]","j":"[\\u006A\\u24D9\\uFF4A\\u0135\\u01F0\\u0249]","k":"[\\u006B\\u24DA\\uFF4B\\u1E31\\u01E9\\u1E33\\u0137\\u1E35\\u0199\\u2C6A\\uA741\\uA743\\uA745\\uA7A3]","l":"[\\u006C\\u24DB\\uFF4C\\u0140\\u013A\\u013E\\u1E37\\u1E39\\u013C\\u1E3D\\u1E3B\\u017F\\u0142\\u019A\\u026B\\u2C61\\uA749\\uA781\\uA747]","lj":"[\\u01C9]","m":"[\\u006D\\u24DC\\uFF4D\\u1E3F\\u1E41\\u1E43\\u0271\\u026F]","n":"[\\u006E\\u24DD\\uFF4E\\u01F9\\u0144\\u00F1\\u1E45\\u0148\\u1E47\\u0146\\u1E4B\\u1E49\\u019E\\u0272\\u0149\\uA791\\uA7A5]","nj":"[\\u01CC]","o":"[\\u006F\\u24DE\\uFF4F\\u00F2\\u00F3\\u00F4\\u1ED3\\u1ED1\\u1ED7\\u1ED5\\u00F5\\u1E4D\\u022D\\u1E4F\\u014D\\u1E51\\u1E53\\u014F\\u022F\\u0231\\u00F6\\u022B\\u1ECF\\u0151\\u01D2\\u020D\\u020F\\u01A1\\u1EDD\\u1EDB\\u1EE1\\u1EDF\\u1EE3\\u1ECD\\u1ED9\\u01EB\\u01ED\\u00F8\\u01FF\\u0254\\uA74B\\uA74D\\u0275]","oi":"[\\u01A3]","ou":"[\\u0223]","oo":"[\\uA74F]","p":"[\\u0070\\u24DF\\uFF50\\u1E55\\u1E57\\u01A5\\u1D7D\\uA751\\uA753\\uA755]","q":"[\\u0071\\u24E0\\uFF51\\u024B\\uA757\\uA759]","r":"[\\u0072\\u24E1\\uFF52\\u0155\\u1E59\\u0159\\u0211\\u0213\\u1E5B\\u1E5D\\u0157\\u1E5F\\u024D\\u027D\\uA75B\\uA7A7\\uA783]","s":"[\\u0073\\u24E2\\uFF53\\u015B\\u1E65\\u015D\\u1E61\\u0161\\u1E67\\u1E63\\u1E69\\u0219\\u015F\\u023F\\uA7A9\\uA785\\u1E9B]","ss":"[\\u00DF]","t":"[\\u0074\\u24E3\\uFF54\\u1E6B\\u1E97\\u0165\\u1E6D\\u021B\\u0163\\u1E71\\u1E6F\\u0167\\u01AD\\u0288\\u2C66\\uA787]","tz":"[\\uA729]","u":"[\\u0075\\u24E4\\uFF55\\u00F9\\u00FA\\u00FB\\u0169\\u1E79\\u016B\\u1E7B\\u016D\\u00FC\\u01DC\\u01D8\\u01D6\\u01DA\\u1EE7\\u016F\\u0171\\u01D4\\u0215\\u0217\\u01B0\\u1EEB\\u1EE9\\u1EEF\\u1EED\\u1EF1\\u1EE5\\u1E73\\u0173\\u1E77\\u1E75\\u0289]","v":"[\\u0076\\u24E5\\uFF56\\u1E7D\\u1E7F\\u028B\\uA75F\\u028C]","vy":"[\\uA761]","w":"[\\u0077\\u24E6\\uFF57\\u1E81\\u1E83\\u0175\\u1E87\\u1E85\\u1E98\\u1E89\\u2C73]","x":"[\\u0078\\u24E7\\uFF58\\u1E8B\\u1E8D]","y":"[\\u0079\\u24E8\\uFF59\\u1EF3\\u00FD\\u0177\\u1EF9\\u0233\\u1E8F\\u00FF\\u1EF7\\u1E99\\u1EF5\\u01B4\\u024F\\u1EFF]","z":"[\\u007A\\u24E9\\uFF5A\\u017A\\u1E91\\u017C\\u017E\\u1E93\\u1E95\\u01B6\\u0225\\u0240\\u2C6C\\uA763]"},"researchesTests":["contentHasTOC","contentHasShortParagraphs","contentHasAssets","keywordInTitle","keywordInMetaDescription","keywordInPermalink","keywordIn10Percent","keywordInContent","keywordInSubheadings","keywordInImageAlt","keywordDensity","keywordNotUsed","lengthContent","lengthPermalink","linksHasInternal","linksHasExternals","linksNotAllExternals","titleStartWithKeyword","titleSentiment","titleHasPowerWords","titleHasNumber","hasContentAI"],"hasRedirection":false,"hasBreadcrumb":false},"homeUrl":"https:\/\/freundeskreis-amici-bruchsal-heidelsheim-volterra.eu\/it\/","objectID":2804,"objectType":"post","locale":"it","localeFull":"it_IT","overlayImages":{"play":{"name":"Icona di riproduzione","url":"https:\/\/freundeskreis-amici-bruchsal-heidelsheim-volterra.eu\/wp-content\/plugins\/seo-by-rank-math\/assets\/admin\/img\/icon-play.png","path":"\/homepages\/35\/d4299127024\/htdocs\/volterra\/wp-content\/plugins\/seo-by-rank-math\/assets\/admin\/img\/icon-play.png","position":"middle_center"},"gif":{"name":"Icona GIF","url":"https:\/\/freundeskreis-amici-bruchsal-heidelsheim-volterra.eu\/wp-content\/plugins\/seo-by-rank-math\/assets\/admin\/img\/icon-gif.png","path":"\/homepages\/35\/d4299127024\/htdocs\/volterra\/wp-content\/plugins\/seo-by-rank-math\/assets\/admin\/img\/icon-gif.png","position":"middle_center"}},"defautOgImage":"https:\/\/freundeskreis-amici-bruchsal-heidelsheim-volterra.eu\/wp-content\/plugins\/seo-by-rank-math\/assets\/admin\/img\/social-placeholder.jpg","customPermalinks":true,"isUserRegistered":false,"autoSuggestKeywords":false,"connectSiteUrl":"https:\/\/rankmath.com\/auth?site=https%3A%2F%2Ffreundeskreis-amici-bruchsal-heidelsheim-volterra.eu%2Fit%2F&r=https%3A%2F%2Ffreundeskreis-amici-bruchsal-heidelsheim-volterra.eu%2Fit%2Fwp-json%2Fwp%2Fv2%2Fpages%2F2804%3Fnonce%3D4373bfb6dc","maxTags":5,"trendsIcon":"<svg viewBox=\"0 0 610 610\"><path d=\"M18.85,446,174.32,290.48l58.08,58.08L76.93,504a14.54,14.54,0,0,1-20.55,0L18.83,466.48a14.54,14.54,0,0,1,0-20.55Z\" style=\"fill:#4285f4\"\/><path d=\"M242.65,242.66,377.59,377.6l-47.75,47.75a14.54,14.54,0,0,1-20.55,0L174.37,290.43l47.75-47.75A14.52,14.52,0,0,1,242.65,242.66Z\" style=\"fill:#ea4335\"\/><polygon points=\"319.53 319.53 479.26 159.8 537.34 217.88 377.61 377.62 319.53 319.53\" style=\"fill:#fabb05\"\/><path d=\"M594.26,262.73V118.61h0a16.94,16.94,0,0,0-16.94-16.94H433.2a16.94,16.94,0,0,0-12,28.92L565.34,274.71h0a16.94,16.94,0,0,0,28.92-12Z\" style=\"fill:#34a853\"\/><rect width=\"610\" height=\"610\" style=\"fill:none\"\/><\/svg>","showScore":true,"siteFavIcon":"https:\/\/freundeskreis-amici-bruchsal-heidelsheim-volterra.eu\/wp-content\/uploads\/2025\/07\/cropped-favicon-volterra-32x32.jpg","canUser":{"general":false,"advanced":false,"snippet":false,"social":false,"analysis":false,"analytics":false,"content_ai":false},"showKeywordIntent":true,"isPro":false,"is_front_page":false,"trendsUpgradeLink":"https:\/\/rankmath.com\/pricing\/?utm_source=Plugin&utm_medium=CE%20General%20Tab%20Trends&utm_campaign=WP","trendsUpgradeLabel":"Aggiorna","trendsPreviewImage":"https:\/\/freundeskreis-amici-bruchsal-heidelsheim-volterra.eu\/wp-content\/plugins\/seo-by-rank-math\/assets\/admin\/img\/trends-preview.jpg","currentEditor":false,"homepageData":{"assessor":{"powerWords":["incredibile","sorprendente","meraviglioso","unico","bello","felicit\u00e0","brillante","affascinante","carismatico","scioccante","chiaro","completamente","riservato","fiducia","significativo","creativo","definitivamente","delizioso","dimostrare","sbrigati","determinato","degno","dinamico","impressionante","essenziale","ispiratore","innovativo","intenso","efficace","magico","magnifico","storico","importante","incredibile","indispensabile","indimenticabile","irresistibile","leggendario","luminoso","lusso","magico","magnifico","maestoso","memorabile","miracoloso","motivante","necessario","nuovo","ufficiale","perfetto","appassionato","persuasivo","fenomenale","piacere","popolare","potere","prestigioso","prodigioso","profondo","prospero","potente","qualit\u00e0","radiante","veloce","di successo","rivoluzionario","soddisfatto","sicurezza","sensazionale","sereno","lussuoso","splendido","sublime","sorprendente","talentuoso","terrificante","unico","valore","vibrante","vittorioso","vivace","veramente","zelante","autentico","avventuroso","spettacolare","esclusivo","garantito","straordinario","favoloso","affascinante","formidabile","geniale","grandioso","gratuito","abile","illimitato","impeccabile","infallibile","infinitamente","influente","ingegnoso","indimenticabile","insostituibile","leader","maestro","notevole","innovativo","pioniere","potente","riconosciuto","rivoluzionario","sorprendente","superiore","trionfante","ultra","coraggioso","prezioso","avanguardia","vigoroso","visionario","volont\u00e0","vitale","trionfo","glorioso","inarrestabile","ineguagliabile","intelligente","invincibile","libert\u00e0","orgoglio","pace","progresso","rinnovato","saggezza","soddisfazione","sicuro","serenit\u00e0","superamento","talento","trascendente","trasformativo","coraggio","vittoria"],"diacritics":true,"researchesTests":["contentHasTOC","contentHasShortParagraphs","contentHasAssets","keywordInTitle","keywordInMetaDescription","keywordInPermalink","keywordIn10Percent","keywordInContent","keywordInSubheadings","keywordInImageAlt","keywordDensity","keywordNotUsed","lengthContent","lengthPermalink","linksHasInternal","linksHasExternals","linksNotAllExternals","titleStartWithKeyword","titleSentiment","titleHasPowerWords","titleHasNumber","hasContentAI"],"hasBreadcrumb":false,"serpData":{"title":"%sitename% %page% %sep% %sitedesc%","description":"","titleTemplate":"%sitename% %page% %sep% %sitedesc%","descriptionTemplate":"","focusKeywords":"","breadcrumbTitle":"Home","robots":{"index":true},"advancedRobots":{"max-snippet":"-1","max-video-preview":"-1","max-image-preview":"large"},"facebookTitle":"","facebookDescription":"","facebookImage":"","facebookImageID":""}}},"tocTitle":"Table of Contents","tocExcludeHeadings":[],"listStyle":"ul"},"_links":{"self":[{"href":"https:\/\/freundeskreis-amici-bruchsal-heidelsheim-volterra.eu\/it\/wp-json\/wp\/v2\/pages\/2804","targetHints":{"allow":["GET"]}}],"collection":[{"href":"https:\/\/freundeskreis-amici-bruchsal-heidelsheim-volterra.eu\/it\/wp-json\/wp\/v2\/pages"}],"about":[{"href":"https:\/\/freundeskreis-amici-bruchsal-heidelsheim-volterra.eu\/it\/wp-json\/wp\/v2\/types\/page"}],"author":[{"embeddable":true,"href":"https:\/\/freundeskreis-amici-bruchsal-heidelsheim-volterra.eu\/it\/wp-json\/wp\/v2\/users\/1"}],"replies":[{"embeddable":true,"href":"https:\/\/freundeskreis-amici-bruchsal-heidelsheim-volterra.eu\/it\/wp-json\/wp\/v2\/comments?post=2804"}],"version-history":[{"count":2,"href":"https:\/\/freundeskreis-amici-bruchsal-heidelsheim-volterra.eu\/it\/wp-json\/wp\/v2\/pages\/2804\/revisions"}],"predecessor-version":[{"id":2864,"href":"https:\/\/freundeskreis-amici-bruchsal-heidelsheim-volterra.eu\/it\/wp-json\/wp\/v2\/pages\/2804\/revisions\/2864"}],"wp:attachment":[{"href":"https:\/\/freundeskreis-amici-bruchsal-heidelsheim-volterra.eu\/it\/wp-json\/wp\/v2\/media?parent=2804"}],"curies":[{"name":"wp","href":"https:\/\/api.w.org\/{rel}","templated":true}]}}